{"id":403,"date":"2019-02-07T17:48:52","date_gmt":"2019-02-07T16:48:52","guid":{"rendered":"https:\/\/pedroirustamendieta.com\/cookien-politika\/"},"modified":"2024-12-25T22:57:01","modified_gmt":"2024-12-25T21:57:01","slug":"cookie-politika","status":"publish","type":"page","link":"https:\/\/pedroirustamendieta.com\/eu\/cookie-politika\/","title":{"rendered":"Cookie-politika"},"content":{"rendered":"<p>Esta web utiliza cookies propias y de terceros para proporcionarte una mejor experiencia de navegaci\u00f3n, compartir contenido en redes sociales y para obtener estad\u00edsticas de usuarios.<\/p>\n<p>Puedes evitar la descarga de cookies\u00a0<strong>bloque\u00e1ndolas\u00a0<\/strong>mediante la configuraci\u00f3n apropiada de tu navegador, de esta manera evitar\u00e1s que las cookies se almacenen en tu disco duro.<\/p>\n<p>No utilizamos ninguna informaci\u00f3n personal procedente de cookies, tan solo estad\u00edsticas generales de visitas que en ning\u00fan caso remiten a ninguna informaci\u00f3n personal, pero utilizamos la plataforma de WordPress que como tal, utiliza sus propias cookies.<\/p>\n<p>Es importante que leas la presente pol\u00edtica de cookies y comprendas que, al continuar navegando, consideramos que est\u00e1s aceptando su uso.<\/p>\n<p>Seg\u00fan los t\u00e9rminos incluidos en el art\u00edculo 22.2 de la Ley 34\/2002 de Servicios de la Sociedad de la Informaci\u00f3n y Comercio Electr\u00f3nico, si contin\u00faas navegando,\u00a0<strong>estar\u00e1s prestando tu consentimiento<\/strong>\u00a0para el empleo de los referidos mecanismos.<\/p>\n<p><strong>\u00bfQU\u00c9 SON LAS COOKIES?<\/strong><\/p>\n<p>Una cookie es un peque\u00f1o fichero de texto que se almacena en su navegador cuando visita casi cualquier p\u00e1gina web. Su utilidad es que la web sea capaz de recordar su visita cuando vuelva a navegar por esa p\u00e1gina. Las cookies suelen almacenar informaci\u00f3n de car\u00e1cter t\u00e9cnico, preferencias personales, personalizaci\u00f3n de contenidos, estad\u00edsticas de uso, enlaces a redes sociales, acceso a cuentas de usuario, etc. El objetivo de la cookie es adaptar el contenido de la web a su perfil y necesidades. Sin cookies los servicios ofrecidos por cualquier p\u00e1gina se ver\u00edan mermados notablemente. Si desea consultar m\u00e1s informaci\u00f3n sobre qu\u00e9 son las cookies, qu\u00e9 almacenan, c\u00f3mo eliminarlas, desactivarlas, etc., le rogamos se dirija a este<strong>\u00a0<\/strong><a href=\"https:\/\/nagoregarciasanz.com\/informacion-sobre-las-cookies\/\" target=\"_blank\" rel=\"nofollow noopener\"><strong>enlace.<\/strong><\/a><\/p>\n<p><strong>COOKIES UTILIZADAS EN ESTE SITIO WEB<\/strong><\/p>\n<p>Siguiendo las directrices de la Agencia Espa\u00f1ola de Protecci\u00f3n de Datos procedemos a detallar el uso de cookies que hace esta web con el fin de informarle con la m\u00e1xima exactitud posible.<\/p>\n<ul>\n<li>Cookies de sesi\u00f3n, para garantizar que los usuarios que escriban comentarios en el blog sean humanos y no aplicaciones automatizadas. De esta forma se combate el spam.<br \/>\nEste sitio web utiliza las siguientes cookies de terceros:<\/li>\n<li>Google Analytics: Almacena cookies para poder elaborar estad\u00edsticas sobre el tr\u00e1fico y volumen de visitas de esta web. Al utilizar este sitio web, est\u00e1 consintiendo el tratamiento de informaci\u00f3n acerca de usted por Google. Por tanto, el ejercicio de cualquier derecho en este sentido, deber\u00e1 hacerlo comunicando directamente con Google.<\/li>\n<li>Redes sociales: Cada red social utiliza sus propias cookies para que usted pueda pinchar en botones del tipo Me gusta o Compartir.<\/li>\n<\/ul>\n<p>Desactivaci\u00f3n o eliminaci\u00f3n de cookies.<\/p>\n<ul>\n<li>En cualquier momento podr\u00e1 ejercer su derecho de desactivaci\u00f3n o eliminaci\u00f3n de cookies de este sitio web. Estas acciones se realizan de forma diferente en funci\u00f3n del navegador que est\u00e9 usando.<\/li>\n<\/ul>\n<p><strong>NOTAS ADICIONALES<\/strong><\/p>\n<ul>\n<li>Ni esta web, ni su representante legal, se hacen responsables ni del contenido ni de la veracidad de las pol\u00edticas de privacidad que puedan tener los terceros mencionados en esta pol\u00edtica de cookies.<\/li>\n<li>Los navegadores web son las herramientas encargadas de almacenar las cookies y desde este lugar debe efectuar su derecho a eliminaci\u00f3n o desactivaci\u00f3n de las mismas.<\/li>\n<li>Ni esta web, ni sus representantes legales, pueden garantizar la correcta o incorrecta manipulaci\u00f3n de las cookies por parte de los mencionados navegadores.<\/li>\n<li>En algunos casos es necesario instalar cookies para que el navegador no olvide su decisi\u00f3n de no aceptaci\u00f3n de las mismas.<\/li>\n<li>En el caso de las cookies de Google Analytic, el representate legal de la web se compromete a no compartirla con terceros, excepto en los casos en los que sea necesario para el funcionamiento del sistema o cuando la ley obligue a tal efecto. Seg\u00fan Google no guarda su direcci\u00f3n IP. Google Inc. es una compa\u00f1\u00eda adherida al Acuerdo de Puerto Seguro que garantiza que todos los datos transferidos ser\u00e1n tratados con un nivel de protecci\u00f3n acorde a la normativa europea. Puede consultar informaci\u00f3n detallada a este respecto en este enlace. Si desea informaci\u00f3n sobre el uso que Google da a las cookies le adjuntamos este otro<\/li>\n<li>Para cualquier duda o consulta acerca de esta pol\u00edtica de cookies no dude en comunicarse con nosotros a trav\u00e9s de la secci\u00f3n de contacto.<\/li>\n<li>Cookie Consent es un\u00a0plugin para WordPress creado para esto y utilizado en esta web.<\/li>\n<\/ul>\n<p><strong>\u00bfC\u00d3MO PUEDO ELIMINAR LAS COOKIES?<\/strong><strong>\u00a0<\/strong><\/p>\n<p>Puedes restringir, bloquear o borrar las cookies de nuestra web o cualquier otra p\u00e1gina web utilizando tu navegador. En cada navegador la operativa es diferente:<\/p>\n<p><u>Google Chrome (en el Men\u00fa Herramientas)<\/u><\/p>\n<p>Configuraci\u00f3n&gt;Mostrar opciones avanzadas&gt;Privacidad (Configuraci\u00f3n de Contenido)&gt;Cookies<\/p>\n<p>M\u00e1s informaci\u00f3n:\u00a0<a href=\"https:\/\/support.google.com\/chrome\/answer\/95647?hl=es\" target=\"_blank\" rel=\"nofollow noopener\">https:\/\/support.google.com\/chrome\/answer\/95647?hl=es<\/a><\/p>\n<p><u>Microsoft Internet Explorer (en el Men\u00fa Herramientas)<\/u><\/p>\n<p>Opciones de Internet&gt;Privacidad&gt;Avanzada<\/p>\n<p>M\u00e1s informaci\u00f3n:\u00a0<a href=\"http:\/\/windows.microsoft.com\/es-es\/internet-explorer\/delete-manage-cookies#ie=ie-9\" target=\"_blank\" rel=\"nofollow noopener\">http:\/\/windows.microsoft.com\/es-es\/internet-explorer\/delete-manage-cookies#ie=ie-9<\/a><\/p>\n<p><u>Firefox<\/u><\/p>\n<p>Opciones&gt;Privacidad&gt;Cookies<\/p>\n<p><u>Safari,iPad y iPhone<\/u><\/p>\n<p>Preferencias&gt;Privacidad<\/p>\n<p>M\u00e1s informaci\u00f3n:\u00a0<a href=\"http:\/\/www.apple.com\/es\/privacy\/use-of-cookies\/\" target=\"_blank\" rel=\"nofollow noopener\">http:\/\/www.apple.com\/es\/privacy\/use-of-cookies\/<\/a><\/p>\n<p><u>Opera<\/u><\/p>\n<p>Configuraci\u00f3n&gt;Opciones&gt;Avanzado&gt;Cookies<\/p>\n<p>M\u00e1s informaci\u00f3n:\u00a0<a href=\"http:\/\/help.opera.com\/Linux\/10.60\/es-ES\/cookies.html\" target=\"_blank\" rel=\"nofollow noopener\">http:\/\/help.opera.com\/Linux\/10.60\/es-ES\/cookies.html<\/a><\/p>\n<p><strong>Advertencia importante:<\/strong><\/p>\n<p>Teniendo en cuenta la forma en la que funciona Internet y los sitios web,\u00a0no siempre contamos con informaci\u00f3n de las cookies que terceras partes puedan utilizar a trav\u00e9s de nuestro sitio web.<\/p>\n<p><strong>COOKIES REDES SOCIALES<\/strong><\/p>\n<p>Las Cookies de redes sociales pueden almacenarse en tu navegador mientras navegas por nuestra web, por ejemplo, cuando utiliza el bot\u00f3n de compartir contenidos de nuestro sitio web en alguna red social.<strong>\u00a0<\/strong><\/p>\n<p>Las empresas que generan estas cookies correspondientes a las\u00a0redes sociales que utiliza esta web\u00a0 tienen sus propias pol\u00edticas de cookies<\/p>\n<ul>\n<li>Cookies de Twitter, seg\u00fan lo dispuesto en su\u00a0<a href=\"https:\/\/twitter.com\/privacy\" target=\"_blank\" rel=\"nofollow noopener\">pol\u00edtica de privacidad y uso de cookies<\/a>.<\/li>\n<li>Cookies de Linkedin, seg\u00fan lo dispuesto en su\u00a0<a href=\"https:\/\/www.linkedin.com\/legal\/cookie-policy?trk=hp-cookies\" target=\"_blank\" rel=\"nofollow noopener\">Pol\u00edtica de cookies<\/a><\/li>\n<li>Cookies de Facebook, seg\u00fan lo dispuesto en su\u00a0<a href=\"https:\/\/www.facebook.com\/help\/cookies?ref_type=sitefooter\" target=\"_blank\" rel=\"nofollow noopener\">Pol\u00edtica de Cookies<\/a><\/li>\n<li>Cookies de Google+ y Google Maps, Youtube seg\u00fan lo dispuesto en su p\u00e1gina sobre qu\u00e9\u00a0<a href=\"http:\/\/www.google.com\/intl\/es\/policies\/technologies\/types\/\" target=\"_blank\" rel=\"nofollow noopener\">tipo de cookies utilizan<\/a><a href=\"https:\/\/www.google.es\/intl\/es\/policies\/technologies\/cookies\/\" target=\"_blank\" rel=\"nofollow noopener\">https:\/\/www.google.es\/intl\/es\/policies\/technologies\/cookies\/<\/a><\/li>\n<li>Cookies de Instagram, seg\u00fan lo dispuesto en su Pol\u00edtica de Cookies<\/li>\n<\/ul>\n<p><strong>FORMULARIOS DE COMENTARIOS EN LA WEB<\/strong><strong>\u00a0<\/strong><\/p>\n<ul>\n<li>Cuando participes enviando alg\u00fan comentario en nuestra web, tus datos pasar\u00e1n a formar parte de un fichero automatizado bajo la responsabilidad de Pedro Irusta Mendieta con la finalidad de gestionar los comentarios que se publican en la web.<\/li>\n<li>Puedes ejercer tus derechos de acceso, rectificaci\u00f3n, portabilidad, limitaci\u00f3n del tratamiento, supresi\u00f3n y oposici\u00f3n mand\u00e1ndonos un email con el derecho que desees ejercer a info@pedroirustamendieta.com<\/li>\n<li>Mientras no nos comuniques lo contrario, entenderemos que tus datos no han sido modificados, que te comprometes a notificarnos cualquier variaci\u00f3n y que tenemos tu consentimiento para utilizarlos para las finalidades mencionadas.<\/li>\n<\/ul>\n","protected":false},"excerpt":{"rendered":"<p>Esta web utiliza cookies propias y de terceros para proporcionarte una mejor experiencia de navegaci\u00f3n, compartir contenido en redes sociales y para obtener estad\u00edsticas de usuarios. Puedes evitar la descarga de cookies\u00a0bloque\u00e1ndolas\u00a0mediante la configuraci\u00f3n apropiada de tu navegador, de esta manera evitar\u00e1s que las cookies se almacenen en tu disco duro. No utilizamos ninguna informaci\u00f3n &#8230; <a title=\"Cookie-politika\" class=\"read-more\" href=\"https:\/\/pedroirustamendieta.com\/eu\/cookie-politika\/\" aria-label=\"More on Cookie-politika\">Irakurri gehiago<\/a><\/p>\n","protected":false},"author":2,"featured_media":0,"parent":0,"menu_order":0,"comment_status":"closed","ping_status":"closed","template":"","meta":{"episode_type":"","audio_file":"","podmotor_file_id":"","podmotor_episode_id":"","cover_image":"","cover_image_id":"","duration":"","filesize":"","filesize_raw":"","date_recorded":"","explicit":"","block":"","footnotes":""},"class_list":["post-403","page","type-page","status-publish"],"yoast_head":"<!-- This site is optimized with the Yoast SEO plugin v27.3 - https:\/\/yoast.com\/product\/yoast-seo-wordpress\/ -->\n<title>Cookie-politika - Pedro Irusta Mendieta: Comunicaci\u00f3n p\u00fablica<\/title>\n<meta name=\"robots\" content=\"noindex, nofollow\" \/>\n<meta property=\"og:locale\" content=\"eu_ES\" \/>\n<meta property=\"og:type\" content=\"article\" \/>\n<meta property=\"og:title\" content=\"Cookie-politika - Pedro Irusta Mendieta: Comunicaci\u00f3n p\u00fablica\" \/>\n<meta property=\"og:description\" content=\"Esta web utiliza cookies propias y de terceros para proporcionarte una mejor experiencia de navegaci\u00f3n, compartir contenido en redes sociales y para obtener estad\u00edsticas de usuarios. Puedes evitar la descarga de cookies\u00a0bloque\u00e1ndolas\u00a0mediante la configuraci\u00f3n apropiada de tu navegador, de esta manera evitar\u00e1s que las cookies se almacenen en tu disco duro. No utilizamos ninguna informaci\u00f3n ... Irakurri gehiago\" \/>\n<meta property=\"og:url\" content=\"https:\/\/pedroirustamendieta.com\/eu\/cookie-politika\/\" \/>\n<meta property=\"og:site_name\" content=\"Pedro Irusta Mendieta: Comunicaci\u00f3n p\u00fablica\" \/>\n<meta property=\"article:modified_time\" content=\"2024-12-25T21:57:01+00:00\" \/>\n<meta name=\"twitter:card\" content=\"summary_large_image\" \/>\n<meta name=\"twitter:site\" content=\"@Pedro__Irusta\" \/>\n<meta name=\"twitter:label1\" content=\"Est. reading time\" \/>\n\t<meta name=\"twitter:data1\" content=\"5 minutes\" \/>\n<script type=\"application\/ld+json\" class=\"yoast-schema-graph\">{\"@context\":\"https:\\\/\\\/schema.org\",\"@graph\":[{\"@type\":\"WebPage\",\"@id\":\"https:\\\/\\\/pedroirustamendieta.com\\\/eu\\\/cookie-politika\\\/\",\"url\":\"https:\\\/\\\/pedroirustamendieta.com\\\/eu\\\/cookie-politika\\\/\",\"name\":\"Cookie-politika - Pedro Irusta Mendieta: Comunicaci\u00f3n p\u00fablica\",\"isPartOf\":{\"@id\":\"https:\\\/\\\/pedroirustamendieta.com\\\/es\\\/#website\"},\"datePublished\":\"2019-02-07T16:48:52+00:00\",\"dateModified\":\"2024-12-25T21:57:01+00:00\",\"breadcrumb\":{\"@id\":\"https:\\\/\\\/pedroirustamendieta.com\\\/eu\\\/cookie-politika\\\/#breadcrumb\"},\"inLanguage\":\"eu-ES\",\"potentialAction\":[{\"@type\":\"ReadAction\",\"target\":[\"https:\\\/\\\/pedroirustamendieta.com\\\/eu\\\/cookie-politika\\\/\"]}]},{\"@type\":\"BreadcrumbList\",\"@id\":\"https:\\\/\\\/pedroirustamendieta.com\\\/eu\\\/cookie-politika\\\/#breadcrumb\",\"itemListElement\":[{\"@type\":\"ListItem\",\"position\":1,\"name\":\"Portada\",\"item\":\"https:\\\/\\\/pedroirustamendieta.com\\\/eu\\\/hasiera\\\/\"},{\"@type\":\"ListItem\",\"position\":2,\"name\":\"Cookie-politika\"}]},{\"@type\":\"WebSite\",\"@id\":\"https:\\\/\\\/pedroirustamendieta.com\\\/es\\\/#website\",\"url\":\"https:\\\/\\\/pedroirustamendieta.com\\\/es\\\/\",\"name\":\"Pedro Irusta Mendieta: Comunicaci\u00f3n y Transparencia en las administraciones p\u00fablicas\",\"description\":\"Blog de Comunicaci\u00f3n y administraciones p\u00fablicas\",\"publisher\":{\"@id\":\"https:\\\/\\\/pedroirustamendieta.com\\\/es\\\/#\\\/schema\\\/person\\\/b5123b985a77b0db9e354a1134eb3087\"},\"potentialAction\":[{\"@type\":\"SearchAction\",\"target\":{\"@type\":\"EntryPoint\",\"urlTemplate\":\"https:\\\/\\\/pedroirustamendieta.com\\\/es\\\/?s={search_term_string}\"},\"query-input\":{\"@type\":\"PropertyValueSpecification\",\"valueRequired\":true,\"valueName\":\"search_term_string\"}}],\"inLanguage\":\"eu-ES\"},{\"@type\":[\"Person\",\"Organization\"],\"@id\":\"https:\\\/\\\/pedroirustamendieta.com\\\/es\\\/#\\\/schema\\\/person\\\/b5123b985a77b0db9e354a1134eb3087\",\"name\":\"Pedro Irusta Mendieta\",\"image\":{\"@type\":\"ImageObject\",\"inLanguage\":\"eu-ES\",\"@id\":\"https:\\\/\\\/pedroirustamendieta.com\\\/wp-content\\\/uploads\\\/2019\\\/02\\\/pedro-irusta-mendieta.png\",\"url\":\"https:\\\/\\\/pedroirustamendieta.com\\\/wp-content\\\/uploads\\\/2019\\\/02\\\/pedro-irusta-mendieta.png\",\"contentUrl\":\"https:\\\/\\\/pedroirustamendieta.com\\\/wp-content\\\/uploads\\\/2019\\\/02\\\/pedro-irusta-mendieta.png\",\"width\":375,\"height\":53,\"caption\":\"Pedro Irusta Mendieta\"},\"logo\":{\"@id\":\"https:\\\/\\\/pedroirustamendieta.com\\\/wp-content\\\/uploads\\\/2019\\\/02\\\/pedro-irusta-mendieta.png\"},\"description\":\"Periodista y funcionario local, especializado en comunicaci\u00f3n institucional.\",\"sameAs\":[\"https:\\\/\\\/pedroirustamendieta.com\\\/\",\"https:\\\/\\\/www.instagram.com\\\/pedroirustamendieta\",\"https:\\\/\\\/x.com\\\/Pedro__Irusta\"]}]}<\/script>\n<!-- \/ Yoast SEO plugin. -->","yoast_head_json":{"title":"Cookie-politika - Pedro Irusta Mendieta: Comunicaci\u00f3n p\u00fablica","robots":{"index":"noindex","follow":"nofollow"},"og_locale":"eu_ES","og_type":"article","og_title":"Cookie-politika - Pedro Irusta Mendieta: Comunicaci\u00f3n p\u00fablica","og_description":"Esta web utiliza cookies propias y de terceros para proporcionarte una mejor experiencia de navegaci\u00f3n, compartir contenido en redes sociales y para obtener estad\u00edsticas de usuarios. Puedes evitar la descarga de cookies\u00a0bloque\u00e1ndolas\u00a0mediante la configuraci\u00f3n apropiada de tu navegador, de esta manera evitar\u00e1s que las cookies se almacenen en tu disco duro. No utilizamos ninguna informaci\u00f3n ... Irakurri gehiago","og_url":"https:\/\/pedroirustamendieta.com\/eu\/cookie-politika\/","og_site_name":"Pedro Irusta Mendieta: Comunicaci\u00f3n p\u00fablica","article_modified_time":"2024-12-25T21:57:01+00:00","twitter_card":"summary_large_image","twitter_site":"@Pedro__Irusta","twitter_misc":{"Est. reading time":"5 minutes"},"schema":{"@context":"https:\/\/schema.org","@graph":[{"@type":"WebPage","@id":"https:\/\/pedroirustamendieta.com\/eu\/cookie-politika\/","url":"https:\/\/pedroirustamendieta.com\/eu\/cookie-politika\/","name":"Cookie-politika - Pedro Irusta Mendieta: Comunicaci\u00f3n p\u00fablica","isPartOf":{"@id":"https:\/\/pedroirustamendieta.com\/es\/#website"},"datePublished":"2019-02-07T16:48:52+00:00","dateModified":"2024-12-25T21:57:01+00:00","breadcrumb":{"@id":"https:\/\/pedroirustamendieta.com\/eu\/cookie-politika\/#breadcrumb"},"inLanguage":"eu-ES","potentialAction":[{"@type":"ReadAction","target":["https:\/\/pedroirustamendieta.com\/eu\/cookie-politika\/"]}]},{"@type":"BreadcrumbList","@id":"https:\/\/pedroirustamendieta.com\/eu\/cookie-politika\/#breadcrumb","itemListElement":[{"@type":"ListItem","position":1,"name":"Portada","item":"https:\/\/pedroirustamendieta.com\/eu\/hasiera\/"},{"@type":"ListItem","position":2,"name":"Cookie-politika"}]},{"@type":"WebSite","@id":"https:\/\/pedroirustamendieta.com\/es\/#website","url":"https:\/\/pedroirustamendieta.com\/es\/","name":"Pedro Irusta Mendieta: Comunicaci\u00f3n y Transparencia en las administraciones p\u00fablicas","description":"Blog de Comunicaci\u00f3n y administraciones p\u00fablicas","publisher":{"@id":"https:\/\/pedroirustamendieta.com\/es\/#\/schema\/person\/b5123b985a77b0db9e354a1134eb3087"},"potentialAction":[{"@type":"SearchAction","target":{"@type":"EntryPoint","urlTemplate":"https:\/\/pedroirustamendieta.com\/es\/?s={search_term_string}"},"query-input":{"@type":"PropertyValueSpecification","valueRequired":true,"valueName":"search_term_string"}}],"inLanguage":"eu-ES"},{"@type":["Person","Organization"],"@id":"https:\/\/pedroirustamendieta.com\/es\/#\/schema\/person\/b5123b985a77b0db9e354a1134eb3087","name":"Pedro Irusta Mendieta","image":{"@type":"ImageObject","inLanguage":"eu-ES","@id":"https:\/\/pedroirustamendieta.com\/wp-content\/uploads\/2019\/02\/pedro-irusta-mendieta.png","url":"https:\/\/pedroirustamendieta.com\/wp-content\/uploads\/2019\/02\/pedro-irusta-mendieta.png","contentUrl":"https:\/\/pedroirustamendieta.com\/wp-content\/uploads\/2019\/02\/pedro-irusta-mendieta.png","width":375,"height":53,"caption":"Pedro Irusta Mendieta"},"logo":{"@id":"https:\/\/pedroirustamendieta.com\/wp-content\/uploads\/2019\/02\/pedro-irusta-mendieta.png"},"description":"Periodista y funcionario local, especializado en comunicaci\u00f3n institucional.","sameAs":["https:\/\/pedroirustamendieta.com\/","https:\/\/www.instagram.com\/pedroirustamendieta","https:\/\/x.com\/Pedro__Irusta"]}]}},"_links":{"self":[{"href":"https:\/\/pedroirustamendieta.com\/eu\/wp-json\/wp\/v2\/pages\/403","targetHints":{"allow":["GET"]}}],"collection":[{"href":"https:\/\/pedroirustamendieta.com\/eu\/wp-json\/wp\/v2\/pages"}],"about":[{"href":"https:\/\/pedroirustamendieta.com\/eu\/wp-json\/wp\/v2\/types\/page"}],"author":[{"embeddable":true,"href":"https:\/\/pedroirustamendieta.com\/eu\/wp-json\/wp\/v2\/users\/2"}],"replies":[{"embeddable":true,"href":"https:\/\/pedroirustamendieta.com\/eu\/wp-json\/wp\/v2\/comments?post=403"}],"version-history":[{"count":3,"href":"https:\/\/pedroirustamendieta.com\/eu\/wp-json\/wp\/v2\/pages\/403\/revisions"}],"predecessor-version":[{"id":1940,"href":"https:\/\/pedroirustamendieta.com\/eu\/wp-json\/wp\/v2\/pages\/403\/revisions\/1940"}],"wp:attachment":[{"href":"https:\/\/pedroirustamendieta.com\/eu\/wp-json\/wp\/v2\/media?parent=403"}],"curies":[{"name":"wp","href":"https:\/\/api.w.org\/{rel}","templated":true}]}}