{"id":2361,"date":"2022-12-22T23:00:43","date_gmt":"2022-12-22T22:00:43","guid":{"rendered":"https:\/\/pedroirustamendieta.com\/es\/podcast\/episodio-8-transparencia-en-las-administraciones-publicas-con-rafael-camacho-munoz\/"},"modified":"2022-12-26T23:31:02","modified_gmt":"2022-12-26T22:31:02","slug":"episodio-8-transparencia-en-las-administraciones-publicas-con-rafael-camacho-munoz","status":"publish","type":"podcast","link":"https:\/\/pedroirustamendieta.com\/es\/podcast\/episodio-8-transparencia-en-las-administraciones-publicas-con-rafael-camacho-munoz\/","title":{"rendered":"Episodio 8. Transparencia en las administraciones p\u00fablicas, con Rafael Camacho Mu\u00f1oz."},"content":{"rendered":"<p><strong>23\/12\/2022<\/strong><\/p>\n<p>La <strong>Transparencia en las administraciones p\u00fablicas <\/strong>es el tema central del octavo episodio de este podcast.<\/p>\n<p>Junto a <strong>Rafael Camacho Mu\u00f1oz, investigador senior en Fundaci\u00f3n NovaGob y responsable del Canal RED FEMP por la Transparencia y la Participaci\u00f3n<\/strong>, reflexionamos sobre el <strong>concepto de la transparencia<\/strong>, el <strong>grado de cumplimiento de la publicidad activa por parte de las administraciones p\u00fablicas<\/strong>, la creaci\u00f3n y evoluci\u00f3n de los tan aclamados <strong>portales de transparencia<\/strong> de las instituciones p\u00fablicas, as\u00ed como del <strong>derecho de acceso a la informaci\u00f3n p\u00fablica<\/strong> por parte de la ciudadan\u00eda y de la <strong>gesti\u00f3n y tramitaci\u00f3n de solicitudes<\/strong> por parte de las organizaciones.<\/p>\n<p>Adem\u00e1s, haremos menci\u00f3n especial a la principal ley que regula todo el tema de la transparencia, en concreto, a <strong>la <\/strong><a href=\"https:\/\/www.boe.es\/buscar\/pdf\/2013\/BOE-A-2013-12887-consolidado.pdf\" target=\"_blank\" rel=\"noopener\"><strong>Ley 19\/2013 de Transparencia, Acceso a la Informaci\u00f3n P\u00fablica y Buen Gobierno<\/strong>,<\/a> as\u00ed como a otra serie de <strong>normativas auton\u00f3micas<\/strong>.<\/p>\n<p>Finalmente, analizaremos cu\u00e1les son los <strong>retos a los que se deben enfrentar en la materia <\/strong>en los pr\u00f3ximos a\u00f1os <strong>las administraciones p\u00fablicas.<\/strong><\/p>\n<p><strong>Trayectoria profesional de Rafael Camacho<\/strong><\/p>\n<p>El invitado de esta semana es en la actualidad responsable del espacio de curaci\u00f3n de contenidos \u201c<a href=\"https:\/\/www.scoop.it\/topic\/canal-red-femp-por-la-transparencia-y-la-participacion\" target=\"_blank\" rel=\"noopener\">Canal RED FEMP por la transparencia y participaci\u00f3n<\/a>\u201d y community manager de la Red de Entidades Locales por la Transparencia y Participaci\u00f3n Ciudadana de la FEMP, as\u00ed como gestor de comunicaci\u00f3n de la <a href=\"https:\/\/novagob.org\/\" target=\"_blank\" rel=\"noopener\">Fundaci\u00f3n NovaGob<\/a>.<\/p>\n<p>Adem\u00e1s, desarrolla, desde 2015, el espacio de curaci\u00f3n de contenidos \u00ab<a href=\"https:\/\/www.scoop.it\/topic\/transparencia-by-rafa-camacho\" target=\"_blank\" rel=\"noopener\">Transparencia en Espa\u00f1a<\/a>\u201d.<\/p>\n<p>En relaci\u00f3n a la comunicaci\u00f3n y divulgaci\u00f3n en gobierno abierto, es miembro del Consejo Editorial de la Revista\u00a0Espa\u00f1ola de la Transparencia y articulista de opini\u00f3n en la revista \u201cRevista Haz\u201d (antigua \u00abCompromiso Empresarial) de la Fundaci\u00f3n Haz (antigua Fundaci\u00f3n\u00a0Compromiso y Transparencia).<\/p>\n<p><strong>Enlaces de inter\u00e9s:<\/strong><\/p>\n<ul>\n<li>Tratamiento de las solicitudes de acceso a la informaci\u00f3n p\u00fablica (Diputaci\u00f3n de Castell\u00f3n): <a href=\"https:\/\/derechodeacceso.dipcas.es\/es\/\" target=\"_blank\" rel=\"noopener\">https:\/\/derechodeacceso.dipcas.es\/es\/<\/a><\/li>\n<li>Gu\u00eda procedimiento de acceso a la informaci\u00f3n p\u00fablica local (RED FEMP):\u00a0<a href=\"https:\/\/redtransparenciayparticipacion.es\/wp-content\/uploads\/2021\/10\/GUIA-PROCEDIMIENTO-ACCESO.pdf\" target=\"_blank\" rel=\"noopener\">https:\/\/redtransparenciayparticipacion.es\/wp-content\/uploads\/2021\/10\/GUIA-PROCEDIMIENTO-ACCESO.pdf<\/a><\/li>\n<\/ul>\n","protected":false},"excerpt":{"rendered":"<p>23\/12\/2022 La Transparencia en las administraciones p\u00fablicas es el tema central del octavo episodio de este podcast. Junto a Rafael Camacho Mu\u00f1oz, investigador senior en Fundaci\u00f3n NovaGob y responsable del Canal RED FEMP por la Transparencia y la Participaci\u00f3n, reflexionamos sobre el concepto de la transparencia, el grado de cumplimiento de la publicidad activa por &#8230; <a title=\"Episodio 8. Transparencia en las administraciones p\u00fablicas, con Rafael Camacho Mu\u00f1oz.\" class=\"read-more\" href=\"https:\/\/pedroirustamendieta.com\/es\/podcast\/episodio-8-transparencia-en-las-administraciones-publicas-con-rafael-camacho-munoz\/\" aria-label=\"M\u00e1s en Episodio 8. Transparencia en las administraciones p\u00fablicas, con Rafael Camacho Mu\u00f1oz.\">Leer m\u00e1s<\/a><\/p>\n","protected":false},"author":2,"featured_media":0,"menu_order":0,"comment_status":"open","ping_status":"closed","template":"","meta":{"episode_type":"audio","audio_file":"https:\/\/anchor.fm\/s\/c9311658\/podcast\/play\/62573378\/https%3A%2F%2Fd3ctxlq1ktw2nl.cloudfront.net%2Fstaging%2F2022-11-22%2Faefa45c1-a0be-3649-b994-05c3a688543a.mp3","podmotor_file_id":"","podmotor_episode_id":"","cover_image":"https:\/\/pedroirustamendieta.com\/wp-content\/uploads\/2022\/12\/33654374-1671744867432-80fbdd87d4206.jpg","cover_image_id":"2362","duration":"","filesize":"58.93M","filesize_raw":"61790173","date_recorded":"2022-12-22 23:00:43","explicit":"","block":""},"tags":[],"series":[133],"class_list":["post-2361","podcast","type-podcast","status-publish","hentry","series-podcast-comunicar-desde-lo-publico"],"episode_featured_image":false,"episode_player_image":"https:\/\/pedroirustamendieta.com\/wp-content\/uploads\/2022\/12\/33654374-1671744867432-80fbdd87d4206.jpg","download_link":"https:\/\/pedroirustamendieta.com\/es\/podcast-download\/2361\/episodio-8-transparencia-en-las-administraciones-publicas-con-rafael-camacho-munoz.mp3","player_link":"https:\/\/pedroirustamendieta.com\/es\/podcast-player\/2361\/episodio-8-transparencia-en-las-administraciones-publicas-con-rafael-camacho-munoz.mp3","audio_player":null,"episode_data":{"playerMode":"light","subscribeUrls":{"anchor":{"key":"anchor","url":"https:\/\/anchor.fm\/comunicardesdelopublico","label":"Anchor","class":"anchor","icon":"anchor.png"},"apple_podcasts":{"key":"apple_podcasts","url":"","label":"Apple Podcasts","class":"apple_podcasts","icon":"apple-podcasts.png"},"google_podcasts":{"key":"google_podcasts","url":"","label":"Google Podcasts","class":"google_podcasts","icon":"google-podcasts.png"},"spotify":{"key":"spotify","url":"https:\/\/open.spotify.com\/show\/1X7dc6ZTSESAnUUuHRat7J","label":"Spotify","class":"spotify","icon":"spotify.png"},"spreaker":{"key":"spreaker","url":"","label":"Spreaker","class":"spreaker","icon":"spreaker.png"},"stitcher":{"key":"stitcher","url":"","label":"Stitcher","class":"stitcher","icon":"stitcher.png"},"ivoox":{"key":"ivoox","url":"","label":"iVoox","class":"ivoox","icon":"ivoox.png"}},"rssFeedUrl":"https:\/\/pedroirustamendieta.com\/es\/feed\/podcast\/podcast-comunicar-desde-lo-publico","embedCode":"<blockquote class=\"wp-embedded-content\" data-secret=\"rPEFEVOf10\"><a href=\"https:\/\/pedroirustamendieta.com\/es\/podcast\/episodio-8-transparencia-en-las-administraciones-publicas-con-rafael-camacho-munoz\/\">Episodio 8. Transparencia en las administraciones p\u00fablicas, con Rafael Camacho Mu\u00f1oz.<\/a><\/blockquote><iframe sandbox=\"allow-scripts\" security=\"restricted\" src=\"https:\/\/pedroirustamendieta.com\/es\/podcast\/episodio-8-transparencia-en-las-administraciones-publicas-con-rafael-camacho-munoz\/embed\/#?secret=rPEFEVOf10\" width=\"500\" height=\"350\" title=\"\u00abEpisodio 8. Transparencia en las administraciones p\u00fablicas, con Rafael Camacho Mu\u00f1oz.\u00bb \u2014 Pedro Irusta Mendieta: Comunicaci\u00f3n p\u00fablica\" data-secret=\"rPEFEVOf10\" frameborder=\"0\" marginwidth=\"0\" marginheight=\"0\" scrolling=\"no\" class=\"wp-embedded-content\"><\/iframe><script>\n\/*! This file is auto-generated *\/\n!function(d,l){\"use strict\";l.querySelector&&d.addEventListener&&\"undefined\"!=typeof URL&&(d.wp=d.wp||{},d.wp.receiveEmbedMessage||(d.wp.receiveEmbedMessage=function(e){var t=e.data;if((t||t.secret||t.message||t.value)&&!\/[^a-zA-Z0-9]\/.test(t.secret)){for(var s,r,n,a=l.querySelectorAll('iframe[data-secret=\"'+t.secret+'\"]'),o=l.querySelectorAll('blockquote[data-secret=\"'+t.secret+'\"]'),c=new RegExp(\"^https?:$\",\"i\"),i=0;i<o.length;i++)o[i].style.display=\"none\";for(i=0;i<a.length;i++)s=a[i],e.source===s.contentWindow&&(s.removeAttribute(\"style\"),\"height\"===t.message?(1e3<(r=parseInt(t.value,10))?r=1e3:~~r<200&&(r=200),s.height=r):\"link\"===t.message&&(r=new URL(s.getAttribute(\"src\")),n=new URL(t.value),c.test(n.protocol))&&n.host===r.host&&l.activeElement===s&&(d.top.location.href=t.value))}},d.addEventListener(\"message\",d.wp.receiveEmbedMessage,!1),l.addEventListener(\"DOMContentLoaded\",function(){for(var e,t,s=l.querySelectorAll(\"iframe.wp-embedded-content\"),r=0;r<s.length;r++)(t=(e=s[r]).getAttribute(\"data-secret\"))||(t=Math.random().toString(36).substring(2,12),e.src+=\"#?secret=\"+t,e.setAttribute(\"data-secret\",t)),e.contentWindow.postMessage({message:\"ready\",secret:t},\"*\")},!1)))}(window,document);\n\/\/# sourceURL=https:\/\/pedroirustamendieta.com\/wp-includes\/js\/wp-embed.min.js\n<\/script>\n"},"yoast_head":"<!-- This site is optimized with the Yoast SEO plugin v27.3 - https:\/\/yoast.com\/product\/yoast-seo-wordpress\/ -->\n<title>Transparencia en las administraciones p\u00fablicas, con Rafael Camacho Mu\u00f1oz<\/title>\n<meta name=\"description\" content=\"En el episodio 8 del podcast tratamos cuestiones como la Publicidad Activa o el derecho de acceso a la informaci\u00f3n p\u00fablica, entre otras.\" \/>\n<meta name=\"robots\" content=\"index, follow, max-snippet:-1, max-image-preview:large, max-video-preview:-1\" \/>\n<link rel=\"canonical\" href=\"https:\/\/pedroirustamendieta.com\/es\/podcast\/episodio-8-transparencia-en-las-administraciones-publicas-con-rafael-camacho-munoz\/\" \/>\n<meta property=\"og:locale\" content=\"es_ES\" \/>\n<meta property=\"og:type\" content=\"article\" \/>\n<meta property=\"og:title\" content=\"Transparencia en las administraciones p\u00fablicas, con Rafael Camacho Mu\u00f1oz\" \/>\n<meta property=\"og:description\" content=\"En el episodio 8 del podcast tratamos cuestiones como la Publicidad Activa o el derecho de acceso a la informaci\u00f3n p\u00fablica, entre otras.\" \/>\n<meta property=\"og:url\" content=\"https:\/\/pedroirustamendieta.com\/es\/podcast\/episodio-8-transparencia-en-las-administraciones-publicas-con-rafael-camacho-munoz\/\" \/>\n<meta property=\"og:site_name\" content=\"Pedro Irusta Mendieta: Comunicaci\u00f3n p\u00fablica\" \/>\n<meta property=\"article:modified_time\" content=\"2022-12-26T22:31:02+00:00\" \/>\n<meta name=\"twitter:card\" content=\"summary_large_image\" \/>\n<meta name=\"twitter:site\" content=\"@Pedro__Irusta\" \/>\n<meta name=\"twitter:label1\" content=\"Tiempo de lectura\" \/>\n\t<meta name=\"twitter:data1\" content=\"2 minutos\" \/>\n<script type=\"application\/ld+json\" class=\"yoast-schema-graph\">{\"@context\":\"https:\\\/\\\/schema.org\",\"@graph\":[{\"@type\":\"WebPage\",\"@id\":\"https:\\\/\\\/pedroirustamendieta.com\\\/es\\\/podcast\\\/episodio-8-transparencia-en-las-administraciones-publicas-con-rafael-camacho-munoz\\\/\",\"url\":\"https:\\\/\\\/pedroirustamendieta.com\\\/es\\\/podcast\\\/episodio-8-transparencia-en-las-administraciones-publicas-con-rafael-camacho-munoz\\\/\",\"name\":\"Transparencia en las administraciones p\u00fablicas, con Rafael Camacho Mu\u00f1oz\",\"isPartOf\":{\"@id\":\"https:\\\/\\\/pedroirustamendieta.com\\\/es\\\/#website\"},\"datePublished\":\"2022-12-22T22:00:43+00:00\",\"dateModified\":\"2022-12-26T22:31:02+00:00\",\"description\":\"En el episodio 8 del podcast tratamos cuestiones como la Publicidad Activa o el derecho de acceso a la informaci\u00f3n p\u00fablica, entre otras.\",\"breadcrumb\":{\"@id\":\"https:\\\/\\\/pedroirustamendieta.com\\\/es\\\/podcast\\\/episodio-8-transparencia-en-las-administraciones-publicas-con-rafael-camacho-munoz\\\/#breadcrumb\"},\"inLanguage\":\"es\",\"potentialAction\":[{\"@type\":\"ReadAction\",\"target\":[\"https:\\\/\\\/pedroirustamendieta.com\\\/es\\\/podcast\\\/episodio-8-transparencia-en-las-administraciones-publicas-con-rafael-camacho-munoz\\\/\"]}]},{\"@type\":\"BreadcrumbList\",\"@id\":\"https:\\\/\\\/pedroirustamendieta.com\\\/es\\\/podcast\\\/episodio-8-transparencia-en-las-administraciones-publicas-con-rafael-camacho-munoz\\\/#breadcrumb\",\"itemListElement\":[{\"@type\":\"ListItem\",\"position\":1,\"name\":\"Portada\",\"item\":\"https:\\\/\\\/pedroirustamendieta.com\\\/es\\\/\"},{\"@type\":\"ListItem\",\"position\":2,\"name\":\"Podcast\",\"item\":\"https:\\\/\\\/pedroirustamendieta.com\\\/es\\\/podcast\\\/\"},{\"@type\":\"ListItem\",\"position\":3,\"name\":\"Episodio 8. Transparencia en las administraciones p\u00fablicas, con Rafael Camacho Mu\u00f1oz.\"}]},{\"@type\":\"WebSite\",\"@id\":\"https:\\\/\\\/pedroirustamendieta.com\\\/es\\\/#website\",\"url\":\"https:\\\/\\\/pedroirustamendieta.com\\\/es\\\/\",\"name\":\"Pedro Irusta Mendieta: Comunicaci\u00f3n y Transparencia en las administraciones p\u00fablicas\",\"description\":\"Blog de Comunicaci\u00f3n y administraciones p\u00fablicas\",\"publisher\":{\"@id\":\"https:\\\/\\\/pedroirustamendieta.com\\\/es\\\/#\\\/schema\\\/person\\\/b5123b985a77b0db9e354a1134eb3087\"},\"potentialAction\":[{\"@type\":\"SearchAction\",\"target\":{\"@type\":\"EntryPoint\",\"urlTemplate\":\"https:\\\/\\\/pedroirustamendieta.com\\\/es\\\/?s={search_term_string}\"},\"query-input\":{\"@type\":\"PropertyValueSpecification\",\"valueRequired\":true,\"valueName\":\"search_term_string\"}}],\"inLanguage\":\"es\"},{\"@type\":[\"Person\",\"Organization\"],\"@id\":\"https:\\\/\\\/pedroirustamendieta.com\\\/es\\\/#\\\/schema\\\/person\\\/b5123b985a77b0db9e354a1134eb3087\",\"name\":\"Pedro Irusta Mendieta\",\"image\":{\"@type\":\"ImageObject\",\"inLanguage\":\"es\",\"@id\":\"https:\\\/\\\/pedroirustamendieta.com\\\/wp-content\\\/uploads\\\/2019\\\/02\\\/pedro-irusta-mendieta.png\",\"url\":\"https:\\\/\\\/pedroirustamendieta.com\\\/wp-content\\\/uploads\\\/2019\\\/02\\\/pedro-irusta-mendieta.png\",\"contentUrl\":\"https:\\\/\\\/pedroirustamendieta.com\\\/wp-content\\\/uploads\\\/2019\\\/02\\\/pedro-irusta-mendieta.png\",\"width\":375,\"height\":53,\"caption\":\"Pedro Irusta Mendieta\"},\"logo\":{\"@id\":\"https:\\\/\\\/pedroirustamendieta.com\\\/wp-content\\\/uploads\\\/2019\\\/02\\\/pedro-irusta-mendieta.png\"},\"description\":\"Periodista y funcionario local, especializado en comunicaci\u00f3n institucional.\",\"sameAs\":[\"https:\\\/\\\/pedroirustamendieta.com\\\/\",\"https:\\\/\\\/www.instagram.com\\\/pedroirustamendieta\",\"https:\\\/\\\/x.com\\\/Pedro__Irusta\"]}]}<\/script>\n<!-- \/ Yoast SEO plugin. -->","yoast_head_json":{"title":"Transparencia en las administraciones p\u00fablicas, con Rafael Camacho Mu\u00f1oz","description":"En el episodio 8 del podcast tratamos cuestiones como la Publicidad Activa o el derecho de acceso a la informaci\u00f3n p\u00fablica, entre otras.","robots":{"index":"index","follow":"follow","max-snippet":"max-snippet:-1","max-image-preview":"max-image-preview:large","max-video-preview":"max-video-preview:-1"},"canonical":"https:\/\/pedroirustamendieta.com\/es\/podcast\/episodio-8-transparencia-en-las-administraciones-publicas-con-rafael-camacho-munoz\/","og_locale":"es_ES","og_type":"article","og_title":"Transparencia en las administraciones p\u00fablicas, con Rafael Camacho Mu\u00f1oz","og_description":"En el episodio 8 del podcast tratamos cuestiones como la Publicidad Activa o el derecho de acceso a la informaci\u00f3n p\u00fablica, entre otras.","og_url":"https:\/\/pedroirustamendieta.com\/es\/podcast\/episodio-8-transparencia-en-las-administraciones-publicas-con-rafael-camacho-munoz\/","og_site_name":"Pedro Irusta Mendieta: Comunicaci\u00f3n p\u00fablica","article_modified_time":"2022-12-26T22:31:02+00:00","twitter_card":"summary_large_image","twitter_site":"@Pedro__Irusta","twitter_misc":{"Tiempo de lectura":"2 minutos"},"schema":{"@context":"https:\/\/schema.org","@graph":[{"@type":"WebPage","@id":"https:\/\/pedroirustamendieta.com\/es\/podcast\/episodio-8-transparencia-en-las-administraciones-publicas-con-rafael-camacho-munoz\/","url":"https:\/\/pedroirustamendieta.com\/es\/podcast\/episodio-8-transparencia-en-las-administraciones-publicas-con-rafael-camacho-munoz\/","name":"Transparencia en las administraciones p\u00fablicas, con Rafael Camacho Mu\u00f1oz","isPartOf":{"@id":"https:\/\/pedroirustamendieta.com\/es\/#website"},"datePublished":"2022-12-22T22:00:43+00:00","dateModified":"2022-12-26T22:31:02+00:00","description":"En el episodio 8 del podcast tratamos cuestiones como la Publicidad Activa o el derecho de acceso a la informaci\u00f3n p\u00fablica, entre otras.","breadcrumb":{"@id":"https:\/\/pedroirustamendieta.com\/es\/podcast\/episodio-8-transparencia-en-las-administraciones-publicas-con-rafael-camacho-munoz\/#breadcrumb"},"inLanguage":"es","potentialAction":[{"@type":"ReadAction","target":["https:\/\/pedroirustamendieta.com\/es\/podcast\/episodio-8-transparencia-en-las-administraciones-publicas-con-rafael-camacho-munoz\/"]}]},{"@type":"BreadcrumbList","@id":"https:\/\/pedroirustamendieta.com\/es\/podcast\/episodio-8-transparencia-en-las-administraciones-publicas-con-rafael-camacho-munoz\/#breadcrumb","itemListElement":[{"@type":"ListItem","position":1,"name":"Portada","item":"https:\/\/pedroirustamendieta.com\/es\/"},{"@type":"ListItem","position":2,"name":"Podcast","item":"https:\/\/pedroirustamendieta.com\/es\/podcast\/"},{"@type":"ListItem","position":3,"name":"Episodio 8. Transparencia en las administraciones p\u00fablicas, con Rafael Camacho Mu\u00f1oz."}]},{"@type":"WebSite","@id":"https:\/\/pedroirustamendieta.com\/es\/#website","url":"https:\/\/pedroirustamendieta.com\/es\/","name":"Pedro Irusta Mendieta: Comunicaci\u00f3n y Transparencia en las administraciones p\u00fablicas","description":"Blog de Comunicaci\u00f3n y administraciones p\u00fablicas","publisher":{"@id":"https:\/\/pedroirustamendieta.com\/es\/#\/schema\/person\/b5123b985a77b0db9e354a1134eb3087"},"potentialAction":[{"@type":"SearchAction","target":{"@type":"EntryPoint","urlTemplate":"https:\/\/pedroirustamendieta.com\/es\/?s={search_term_string}"},"query-input":{"@type":"PropertyValueSpecification","valueRequired":true,"valueName":"search_term_string"}}],"inLanguage":"es"},{"@type":["Person","Organization"],"@id":"https:\/\/pedroirustamendieta.com\/es\/#\/schema\/person\/b5123b985a77b0db9e354a1134eb3087","name":"Pedro Irusta Mendieta","image":{"@type":"ImageObject","inLanguage":"es","@id":"https:\/\/pedroirustamendieta.com\/wp-content\/uploads\/2019\/02\/pedro-irusta-mendieta.png","url":"https:\/\/pedroirustamendieta.com\/wp-content\/uploads\/2019\/02\/pedro-irusta-mendieta.png","contentUrl":"https:\/\/pedroirustamendieta.com\/wp-content\/uploads\/2019\/02\/pedro-irusta-mendieta.png","width":375,"height":53,"caption":"Pedro Irusta Mendieta"},"logo":{"@id":"https:\/\/pedroirustamendieta.com\/wp-content\/uploads\/2019\/02\/pedro-irusta-mendieta.png"},"description":"Periodista y funcionario local, especializado en comunicaci\u00f3n institucional.","sameAs":["https:\/\/pedroirustamendieta.com\/","https:\/\/www.instagram.com\/pedroirustamendieta","https:\/\/x.com\/Pedro__Irusta"]}]}},"_links":{"self":[{"href":"https:\/\/pedroirustamendieta.com\/es\/wp-json\/wp\/v2\/podcast\/2361","targetHints":{"allow":["GET"]}}],"collection":[{"href":"https:\/\/pedroirustamendieta.com\/es\/wp-json\/wp\/v2\/podcast"}],"about":[{"href":"https:\/\/pedroirustamendieta.com\/es\/wp-json\/wp\/v2\/types\/podcast"}],"author":[{"embeddable":true,"href":"https:\/\/pedroirustamendieta.com\/es\/wp-json\/wp\/v2\/users\/2"}],"replies":[{"embeddable":true,"href":"https:\/\/pedroirustamendieta.com\/es\/wp-json\/wp\/v2\/comments?post=2361"}],"wp:attachment":[{"href":"https:\/\/pedroirustamendieta.com\/es\/wp-json\/wp\/v2\/media?parent=2361"}],"wp:term":[{"taxonomy":"post_tag","embeddable":true,"href":"https:\/\/pedroirustamendieta.com\/es\/wp-json\/wp\/v2\/tags?post=2361"},{"taxonomy":"series","embeddable":true,"href":"https:\/\/pedroirustamendieta.com\/es\/wp-json\/wp\/v2\/series?post=2361"}],"curies":[{"name":"wp","href":"https:\/\/api.w.org\/{rel}","templated":true}]}}