{"id":2353,"date":"2022-11-10T23:00:18","date_gmt":"2022-11-10T22:00:18","guid":{"rendered":"https:\/\/pedroirustamendieta.com\/es\/podcast\/episodio-2-11-11-2022-estrategias-de-comunicacion-en-el-sector-publico-con-nagore-garcia-sanz-actualidad-y-agenda\/"},"modified":"2022-12-26T23:10:52","modified_gmt":"2022-12-26T22:10:52","slug":"episodio-2-11-11-2022-estrategias-de-comunicacion-en-el-sector-publico-con-nagore-garcia-sanz-actualidad-y-agenda","status":"publish","type":"podcast","link":"https:\/\/pedroirustamendieta.com\/es\/podcast\/episodio-2-11-11-2022-estrategias-de-comunicacion-en-el-sector-publico-con-nagore-garcia-sanz-actualidad-y-agenda\/","title":{"rendered":"Episodio 2. Estrategias de comunicaci\u00f3n en el sector p\u00fablico, con Nagore Garc\u00eda Sanz [+ Actualidad y Agenda]."},"content":{"rendered":"<p><strong>11\/11\/2022<\/strong><\/p>\n<p>En este segundo episodio, adem\u00e1s de contar con el bloque inicial de actualidad en redes sociales y transparencia, y el apartado de agenda, inauguro la secci\u00f3n de entrevistas.<\/p>\n<p>Un espacio en el que tenemos la oportunidad de escuchar a la periodista y consultora en comunicaci\u00f3n Nagore Garc\u00eda Sanz. Con ella hablamos sobre la necesidad de contar con una estrategia de comunicaci\u00f3n en cualquier administraci\u00f3n p\u00fablica.<\/p>\n<p>Adem\u00e1s, nos aporta todas las claves para elaborar un plan desde su fase de inicio, desarrollo y posterior evaluaci\u00f3n, entre otras muchas cuestiones.<\/p>\n<p>Si quieres conocer m\u00e1s de cerca a Nagore, as\u00ed como la labor que realiza en su d\u00eda a d\u00eda, puedes acceder a su p\u00e1gina web www.nagoregarciasanz.com<\/p>\n<p>Del mismo modo, recuerda que tambi\u00e9n podr\u00e1s ponerte en contacto conmigo a trav\u00e9s de mi web personal www.pedroirustamendieta.com<\/p>\n<p>&nbsp;<\/p>\n<p>&nbsp;<\/p>\n","protected":false},"excerpt":{"rendered":"<p>11\/11\/2022 En este segundo episodio, adem\u00e1s de contar con el bloque inicial de actualidad en redes sociales y transparencia, y el apartado de agenda, inauguro la secci\u00f3n de entrevistas. Un espacio en el que tenemos la oportunidad de escuchar a la periodista y consultora en comunicaci\u00f3n Nagore Garc\u00eda Sanz. Con ella hablamos sobre la necesidad &#8230; <a title=\"Episodio 2. Estrategias de comunicaci\u00f3n en el sector p\u00fablico, con Nagore Garc\u00eda Sanz [+ Actualidad y Agenda].\" class=\"read-more\" href=\"https:\/\/pedroirustamendieta.com\/es\/podcast\/episodio-2-11-11-2022-estrategias-de-comunicacion-en-el-sector-publico-con-nagore-garcia-sanz-actualidad-y-agenda\/\" aria-label=\"M\u00e1s en Episodio 2. Estrategias de comunicaci\u00f3n en el sector p\u00fablico, con Nagore Garc\u00eda Sanz [+ Actualidad y Agenda].\">Leer m\u00e1s<\/a><\/p>\n","protected":false},"author":2,"featured_media":0,"menu_order":0,"comment_status":"open","ping_status":"closed","template":"","meta":{"episode_type":"audio","audio_file":"https:\/\/anchor.fm\/s\/c9311658\/podcast\/play\/60425735\/https%3A%2F%2Fd3ctxlq1ktw2nl.cloudfront.net%2Fstaging%2F2022-10-10%2F845db7b8-ac54-1b2e-e8f0-f83eb16ae951.mp3","podmotor_file_id":"","podmotor_episode_id":"","cover_image":"https:\/\/pedroirustamendieta.com\/wp-content\/uploads\/2022\/12\/33654374-1668111190706-2e3f086ba46de-4.jpg","cover_image_id":"2354","duration":"","filesize":"42.56M","filesize_raw":"44624495","date_recorded":"2022-11-10 23:00:18","explicit":"","block":""},"tags":[],"series":[133],"class_list":["post-2353","podcast","type-podcast","status-publish","hentry","series-podcast-comunicar-desde-lo-publico"],"episode_featured_image":false,"episode_player_image":"https:\/\/pedroirustamendieta.com\/wp-content\/uploads\/2022\/12\/33654374-1668111190706-2e3f086ba46de-4.jpg","download_link":"https:\/\/pedroirustamendieta.com\/es\/podcast-download\/2353\/episodio-2-11-11-2022-estrategias-de-comunicacion-en-el-sector-publico-con-nagore-garcia-sanz-actualidad-y-agenda.mp3","player_link":"https:\/\/pedroirustamendieta.com\/es\/podcast-player\/2353\/episodio-2-11-11-2022-estrategias-de-comunicacion-en-el-sector-publico-con-nagore-garcia-sanz-actualidad-y-agenda.mp3","audio_player":null,"episode_data":{"playerMode":"light","subscribeUrls":{"anchor":{"key":"anchor","url":"https:\/\/anchor.fm\/comunicardesdelopublico","label":"Anchor","class":"anchor","icon":"anchor.png"},"apple_podcasts":{"key":"apple_podcasts","url":"","label":"Apple Podcasts","class":"apple_podcasts","icon":"apple-podcasts.png"},"google_podcasts":{"key":"google_podcasts","url":"","label":"Google Podcasts","class":"google_podcasts","icon":"google-podcasts.png"},"spotify":{"key":"spotify","url":"https:\/\/open.spotify.com\/show\/1X7dc6ZTSESAnUUuHRat7J","label":"Spotify","class":"spotify","icon":"spotify.png"},"spreaker":{"key":"spreaker","url":"","label":"Spreaker","class":"spreaker","icon":"spreaker.png"},"stitcher":{"key":"stitcher","url":"","label":"Stitcher","class":"stitcher","icon":"stitcher.png"},"ivoox":{"key":"ivoox","url":"","label":"iVoox","class":"ivoox","icon":"ivoox.png"}},"rssFeedUrl":"https:\/\/pedroirustamendieta.com\/es\/feed\/podcast\/podcast-comunicar-desde-lo-publico","embedCode":"<blockquote class=\"wp-embedded-content\" data-secret=\"Rq3hY4p6ac\"><a href=\"https:\/\/pedroirustamendieta.com\/es\/podcast\/episodio-2-11-11-2022-estrategias-de-comunicacion-en-el-sector-publico-con-nagore-garcia-sanz-actualidad-y-agenda\/\">Episodio 2. Estrategias de comunicaci\u00f3n en el sector p\u00fablico, con Nagore Garc\u00eda Sanz [+ Actualidad y Agenda].<\/a><\/blockquote><iframe sandbox=\"allow-scripts\" security=\"restricted\" src=\"https:\/\/pedroirustamendieta.com\/es\/podcast\/episodio-2-11-11-2022-estrategias-de-comunicacion-en-el-sector-publico-con-nagore-garcia-sanz-actualidad-y-agenda\/embed\/#?secret=Rq3hY4p6ac\" width=\"500\" height=\"350\" title=\"\u00abEpisodio 2. Estrategias de comunicaci\u00f3n en el sector p\u00fablico, con Nagore Garc\u00eda Sanz [+ Actualidad y Agenda].\u00bb \u2014 Pedro Irusta Mendieta: Comunicaci\u00f3n p\u00fablica\" data-secret=\"Rq3hY4p6ac\" frameborder=\"0\" marginwidth=\"0\" marginheight=\"0\" scrolling=\"no\" class=\"wp-embedded-content\"><\/iframe><script>\n\/*! This file is auto-generated *\/\n!function(d,l){\"use strict\";l.querySelector&&d.addEventListener&&\"undefined\"!=typeof URL&&(d.wp=d.wp||{},d.wp.receiveEmbedMessage||(d.wp.receiveEmbedMessage=function(e){var t=e.data;if((t||t.secret||t.message||t.value)&&!\/[^a-zA-Z0-9]\/.test(t.secret)){for(var s,r,n,a=l.querySelectorAll('iframe[data-secret=\"'+t.secret+'\"]'),o=l.querySelectorAll('blockquote[data-secret=\"'+t.secret+'\"]'),c=new RegExp(\"^https?:$\",\"i\"),i=0;i<o.length;i++)o[i].style.display=\"none\";for(i=0;i<a.length;i++)s=a[i],e.source===s.contentWindow&&(s.removeAttribute(\"style\"),\"height\"===t.message?(1e3<(r=parseInt(t.value,10))?r=1e3:~~r<200&&(r=200),s.height=r):\"link\"===t.message&&(r=new URL(s.getAttribute(\"src\")),n=new URL(t.value),c.test(n.protocol))&&n.host===r.host&&l.activeElement===s&&(d.top.location.href=t.value))}},d.addEventListener(\"message\",d.wp.receiveEmbedMessage,!1),l.addEventListener(\"DOMContentLoaded\",function(){for(var e,t,s=l.querySelectorAll(\"iframe.wp-embedded-content\"),r=0;r<s.length;r++)(t=(e=s[r]).getAttribute(\"data-secret\"))||(t=Math.random().toString(36).substring(2,12),e.src+=\"#?secret=\"+t,e.setAttribute(\"data-secret\",t)),e.contentWindow.postMessage({message:\"ready\",secret:t},\"*\")},!1)))}(window,document);\n\/\/# sourceURL=https:\/\/pedroirustamendieta.com\/wp-includes\/js\/wp-embed.min.js\n<\/script>\n"},"yoast_head":"<!-- This site is optimized with the Yoast SEO plugin v27.3 - https:\/\/yoast.com\/product\/yoast-seo-wordpress\/ -->\n<title>Estrategias de comunicaci\u00f3n en el sector p\u00fablico, con Nagore Garc\u00eda Sanz<\/title>\n<meta name=\"description\" content=\"El segundo episodio tambi\u00e9n incluye los bloques de Actualidad y Agenda.\" \/>\n<meta name=\"robots\" content=\"index, follow, max-snippet:-1, max-image-preview:large, max-video-preview:-1\" \/>\n<link rel=\"canonical\" href=\"https:\/\/pedroirustamendieta.com\/es\/podcast\/episodio-2-11-11-2022-estrategias-de-comunicacion-en-el-sector-publico-con-nagore-garcia-sanz-actualidad-y-agenda\/\" \/>\n<meta property=\"og:locale\" content=\"es_ES\" \/>\n<meta property=\"og:type\" content=\"article\" \/>\n<meta property=\"og:title\" content=\"Estrategias de comunicaci\u00f3n en el sector p\u00fablico, con Nagore Garc\u00eda Sanz\" \/>\n<meta property=\"og:description\" content=\"El segundo episodio tambi\u00e9n incluye los bloques de Actualidad y Agenda.\" \/>\n<meta property=\"og:url\" content=\"https:\/\/pedroirustamendieta.com\/es\/podcast\/episodio-2-11-11-2022-estrategias-de-comunicacion-en-el-sector-publico-con-nagore-garcia-sanz-actualidad-y-agenda\/\" \/>\n<meta property=\"og:site_name\" content=\"Pedro Irusta Mendieta: Comunicaci\u00f3n p\u00fablica\" \/>\n<meta property=\"article:modified_time\" content=\"2022-12-26T22:10:52+00:00\" \/>\n<meta name=\"twitter:card\" content=\"summary_large_image\" \/>\n<meta name=\"twitter:site\" content=\"@Pedro__Irusta\" \/>\n<meta name=\"twitter:label1\" content=\"Tiempo de lectura\" \/>\n\t<meta name=\"twitter:data1\" content=\"1 minuto\" \/>\n<script type=\"application\/ld+json\" class=\"yoast-schema-graph\">{\"@context\":\"https:\\\/\\\/schema.org\",\"@graph\":[{\"@type\":\"WebPage\",\"@id\":\"https:\\\/\\\/pedroirustamendieta.com\\\/es\\\/podcast\\\/episodio-2-11-11-2022-estrategias-de-comunicacion-en-el-sector-publico-con-nagore-garcia-sanz-actualidad-y-agenda\\\/\",\"url\":\"https:\\\/\\\/pedroirustamendieta.com\\\/es\\\/podcast\\\/episodio-2-11-11-2022-estrategias-de-comunicacion-en-el-sector-publico-con-nagore-garcia-sanz-actualidad-y-agenda\\\/\",\"name\":\"Estrategias de comunicaci\u00f3n en el sector p\u00fablico, con Nagore Garc\u00eda Sanz\",\"isPartOf\":{\"@id\":\"https:\\\/\\\/pedroirustamendieta.com\\\/es\\\/#website\"},\"datePublished\":\"2022-11-10T22:00:18+00:00\",\"dateModified\":\"2022-12-26T22:10:52+00:00\",\"description\":\"El segundo episodio tambi\u00e9n incluye los bloques de Actualidad y Agenda.\",\"breadcrumb\":{\"@id\":\"https:\\\/\\\/pedroirustamendieta.com\\\/es\\\/podcast\\\/episodio-2-11-11-2022-estrategias-de-comunicacion-en-el-sector-publico-con-nagore-garcia-sanz-actualidad-y-agenda\\\/#breadcrumb\"},\"inLanguage\":\"es\",\"potentialAction\":[{\"@type\":\"ReadAction\",\"target\":[\"https:\\\/\\\/pedroirustamendieta.com\\\/es\\\/podcast\\\/episodio-2-11-11-2022-estrategias-de-comunicacion-en-el-sector-publico-con-nagore-garcia-sanz-actualidad-y-agenda\\\/\"]}]},{\"@type\":\"BreadcrumbList\",\"@id\":\"https:\\\/\\\/pedroirustamendieta.com\\\/es\\\/podcast\\\/episodio-2-11-11-2022-estrategias-de-comunicacion-en-el-sector-publico-con-nagore-garcia-sanz-actualidad-y-agenda\\\/#breadcrumb\",\"itemListElement\":[{\"@type\":\"ListItem\",\"position\":1,\"name\":\"Portada\",\"item\":\"https:\\\/\\\/pedroirustamendieta.com\\\/es\\\/\"},{\"@type\":\"ListItem\",\"position\":2,\"name\":\"Podcast\",\"item\":\"https:\\\/\\\/pedroirustamendieta.com\\\/es\\\/podcast\\\/\"},{\"@type\":\"ListItem\",\"position\":3,\"name\":\"Episodio 2. Estrategias de comunicaci\u00f3n en el sector p\u00fablico, con Nagore Garc\u00eda Sanz [+ Actualidad y Agenda].\"}]},{\"@type\":\"WebSite\",\"@id\":\"https:\\\/\\\/pedroirustamendieta.com\\\/es\\\/#website\",\"url\":\"https:\\\/\\\/pedroirustamendieta.com\\\/es\\\/\",\"name\":\"Pedro Irusta Mendieta: Comunicaci\u00f3n y Transparencia en las administraciones p\u00fablicas\",\"description\":\"Blog de Comunicaci\u00f3n y administraciones p\u00fablicas\",\"publisher\":{\"@id\":\"https:\\\/\\\/pedroirustamendieta.com\\\/es\\\/#\\\/schema\\\/person\\\/b5123b985a77b0db9e354a1134eb3087\"},\"potentialAction\":[{\"@type\":\"SearchAction\",\"target\":{\"@type\":\"EntryPoint\",\"urlTemplate\":\"https:\\\/\\\/pedroirustamendieta.com\\\/es\\\/?s={search_term_string}\"},\"query-input\":{\"@type\":\"PropertyValueSpecification\",\"valueRequired\":true,\"valueName\":\"search_term_string\"}}],\"inLanguage\":\"es\"},{\"@type\":[\"Person\",\"Organization\"],\"@id\":\"https:\\\/\\\/pedroirustamendieta.com\\\/es\\\/#\\\/schema\\\/person\\\/b5123b985a77b0db9e354a1134eb3087\",\"name\":\"Pedro Irusta Mendieta\",\"image\":{\"@type\":\"ImageObject\",\"inLanguage\":\"es\",\"@id\":\"https:\\\/\\\/pedroirustamendieta.com\\\/wp-content\\\/uploads\\\/2019\\\/02\\\/pedro-irusta-mendieta.png\",\"url\":\"https:\\\/\\\/pedroirustamendieta.com\\\/wp-content\\\/uploads\\\/2019\\\/02\\\/pedro-irusta-mendieta.png\",\"contentUrl\":\"https:\\\/\\\/pedroirustamendieta.com\\\/wp-content\\\/uploads\\\/2019\\\/02\\\/pedro-irusta-mendieta.png\",\"width\":375,\"height\":53,\"caption\":\"Pedro Irusta Mendieta\"},\"logo\":{\"@id\":\"https:\\\/\\\/pedroirustamendieta.com\\\/wp-content\\\/uploads\\\/2019\\\/02\\\/pedro-irusta-mendieta.png\"},\"description\":\"Periodista y funcionario local, especializado en comunicaci\u00f3n institucional.\",\"sameAs\":[\"https:\\\/\\\/pedroirustamendieta.com\\\/\",\"https:\\\/\\\/www.instagram.com\\\/pedroirustamendieta\",\"https:\\\/\\\/x.com\\\/Pedro__Irusta\"]}]}<\/script>\n<!-- \/ Yoast SEO plugin. -->","yoast_head_json":{"title":"Estrategias de comunicaci\u00f3n en el sector p\u00fablico, con Nagore Garc\u00eda Sanz","description":"El segundo episodio tambi\u00e9n incluye los bloques de Actualidad y Agenda.","robots":{"index":"index","follow":"follow","max-snippet":"max-snippet:-1","max-image-preview":"max-image-preview:large","max-video-preview":"max-video-preview:-1"},"canonical":"https:\/\/pedroirustamendieta.com\/es\/podcast\/episodio-2-11-11-2022-estrategias-de-comunicacion-en-el-sector-publico-con-nagore-garcia-sanz-actualidad-y-agenda\/","og_locale":"es_ES","og_type":"article","og_title":"Estrategias de comunicaci\u00f3n en el sector p\u00fablico, con Nagore Garc\u00eda Sanz","og_description":"El segundo episodio tambi\u00e9n incluye los bloques de Actualidad y Agenda.","og_url":"https:\/\/pedroirustamendieta.com\/es\/podcast\/episodio-2-11-11-2022-estrategias-de-comunicacion-en-el-sector-publico-con-nagore-garcia-sanz-actualidad-y-agenda\/","og_site_name":"Pedro Irusta Mendieta: Comunicaci\u00f3n p\u00fablica","article_modified_time":"2022-12-26T22:10:52+00:00","twitter_card":"summary_large_image","twitter_site":"@Pedro__Irusta","twitter_misc":{"Tiempo de lectura":"1 minuto"},"schema":{"@context":"https:\/\/schema.org","@graph":[{"@type":"WebPage","@id":"https:\/\/pedroirustamendieta.com\/es\/podcast\/episodio-2-11-11-2022-estrategias-de-comunicacion-en-el-sector-publico-con-nagore-garcia-sanz-actualidad-y-agenda\/","url":"https:\/\/pedroirustamendieta.com\/es\/podcast\/episodio-2-11-11-2022-estrategias-de-comunicacion-en-el-sector-publico-con-nagore-garcia-sanz-actualidad-y-agenda\/","name":"Estrategias de comunicaci\u00f3n en el sector p\u00fablico, con Nagore Garc\u00eda Sanz","isPartOf":{"@id":"https:\/\/pedroirustamendieta.com\/es\/#website"},"datePublished":"2022-11-10T22:00:18+00:00","dateModified":"2022-12-26T22:10:52+00:00","description":"El segundo episodio tambi\u00e9n incluye los bloques de Actualidad y Agenda.","breadcrumb":{"@id":"https:\/\/pedroirustamendieta.com\/es\/podcast\/episodio-2-11-11-2022-estrategias-de-comunicacion-en-el-sector-publico-con-nagore-garcia-sanz-actualidad-y-agenda\/#breadcrumb"},"inLanguage":"es","potentialAction":[{"@type":"ReadAction","target":["https:\/\/pedroirustamendieta.com\/es\/podcast\/episodio-2-11-11-2022-estrategias-de-comunicacion-en-el-sector-publico-con-nagore-garcia-sanz-actualidad-y-agenda\/"]}]},{"@type":"BreadcrumbList","@id":"https:\/\/pedroirustamendieta.com\/es\/podcast\/episodio-2-11-11-2022-estrategias-de-comunicacion-en-el-sector-publico-con-nagore-garcia-sanz-actualidad-y-agenda\/#breadcrumb","itemListElement":[{"@type":"ListItem","position":1,"name":"Portada","item":"https:\/\/pedroirustamendieta.com\/es\/"},{"@type":"ListItem","position":2,"name":"Podcast","item":"https:\/\/pedroirustamendieta.com\/es\/podcast\/"},{"@type":"ListItem","position":3,"name":"Episodio 2. Estrategias de comunicaci\u00f3n en el sector p\u00fablico, con Nagore Garc\u00eda Sanz [+ Actualidad y Agenda]."}]},{"@type":"WebSite","@id":"https:\/\/pedroirustamendieta.com\/es\/#website","url":"https:\/\/pedroirustamendieta.com\/es\/","name":"Pedro Irusta Mendieta: Comunicaci\u00f3n y Transparencia en las administraciones p\u00fablicas","description":"Blog de Comunicaci\u00f3n y administraciones p\u00fablicas","publisher":{"@id":"https:\/\/pedroirustamendieta.com\/es\/#\/schema\/person\/b5123b985a77b0db9e354a1134eb3087"},"potentialAction":[{"@type":"SearchAction","target":{"@type":"EntryPoint","urlTemplate":"https:\/\/pedroirustamendieta.com\/es\/?s={search_term_string}"},"query-input":{"@type":"PropertyValueSpecification","valueRequired":true,"valueName":"search_term_string"}}],"inLanguage":"es"},{"@type":["Person","Organization"],"@id":"https:\/\/pedroirustamendieta.com\/es\/#\/schema\/person\/b5123b985a77b0db9e354a1134eb3087","name":"Pedro Irusta Mendieta","image":{"@type":"ImageObject","inLanguage":"es","@id":"https:\/\/pedroirustamendieta.com\/wp-content\/uploads\/2019\/02\/pedro-irusta-mendieta.png","url":"https:\/\/pedroirustamendieta.com\/wp-content\/uploads\/2019\/02\/pedro-irusta-mendieta.png","contentUrl":"https:\/\/pedroirustamendieta.com\/wp-content\/uploads\/2019\/02\/pedro-irusta-mendieta.png","width":375,"height":53,"caption":"Pedro Irusta Mendieta"},"logo":{"@id":"https:\/\/pedroirustamendieta.com\/wp-content\/uploads\/2019\/02\/pedro-irusta-mendieta.png"},"description":"Periodista y funcionario local, especializado en comunicaci\u00f3n institucional.","sameAs":["https:\/\/pedroirustamendieta.com\/","https:\/\/www.instagram.com\/pedroirustamendieta","https:\/\/x.com\/Pedro__Irusta"]}]}},"_links":{"self":[{"href":"https:\/\/pedroirustamendieta.com\/es\/wp-json\/wp\/v2\/podcast\/2353","targetHints":{"allow":["GET"]}}],"collection":[{"href":"https:\/\/pedroirustamendieta.com\/es\/wp-json\/wp\/v2\/podcast"}],"about":[{"href":"https:\/\/pedroirustamendieta.com\/es\/wp-json\/wp\/v2\/types\/podcast"}],"author":[{"embeddable":true,"href":"https:\/\/pedroirustamendieta.com\/es\/wp-json\/wp\/v2\/users\/2"}],"replies":[{"embeddable":true,"href":"https:\/\/pedroirustamendieta.com\/es\/wp-json\/wp\/v2\/comments?post=2353"}],"wp:attachment":[{"href":"https:\/\/pedroirustamendieta.com\/es\/wp-json\/wp\/v2\/media?parent=2353"}],"wp:term":[{"taxonomy":"post_tag","embeddable":true,"href":"https:\/\/pedroirustamendieta.com\/es\/wp-json\/wp\/v2\/tags?post=2353"},{"taxonomy":"series","embeddable":true,"href":"https:\/\/pedroirustamendieta.com\/es\/wp-json\/wp\/v2\/series?post=2353"}],"curies":[{"name":"wp","href":"https:\/\/api.w.org\/{rel}","templated":true}]}}