{"id":2273,"date":"2022-12-01T23:00:28","date_gmt":"2022-12-01T22:00:28","guid":{"rendered":"https:\/\/pedroirustamendieta.com\/es\/podcast\/episodio-5-02-12-2022-congreso-cnis-2022-con-miguel-angel-de-bas-sotelo-actualidad-y-agenda-3\/"},"modified":"2022-12-26T23:20:54","modified_gmt":"2022-12-26T22:20:54","slug":"episodio-5-02-12-2022-congreso-cnis-2022-con-miguel-angel-de-bas-sotelo-actualidad-y-agenda-3","status":"publish","type":"podcast","link":"https:\/\/pedroirustamendieta.com\/es\/podcast\/episodio-5-02-12-2022-congreso-cnis-2022-con-miguel-angel-de-bas-sotelo-actualidad-y-agenda-3\/","title":{"rendered":"Episodio 5. Congreso CNIS 2022, con Miguel \u00c1ngel de Bas Sotelo [+ Actualidad y Agenda]."},"content":{"rendered":"<p><strong>02\/12\/2022<\/strong><\/p>\n<p>Los d\u00edas 13 y 14 de diciembre de 2022 se celebrar\u00e1 el <a href=\"https:\/\/www.cnis.es\/\" target=\"_blank\" rel=\"noopener\"><strong>XII Congreso Nacional de Innovaci\u00f3n y Servicios P\u00fablicos<\/strong><\/a>, m\u00e1s conocido como el <a href=\"https:\/\/www.cnis.es\/\" target=\"_blank\" rel=\"noopener\"><strong>CNIS<\/strong><\/a>. El encuentro tendr\u00e1 lugar en el edificio La Nave, Centro de Innovaci\u00f3n del Ayuntamiento de Madrid.<\/p>\n<p>En su duod\u00e9cima edici\u00f3n volver\u00e1 a tener como ejes centrales la innovaci\u00f3n y los servicios p\u00fablicos, as\u00ed como cuestiones tan interesantes como la <strong>administraci\u00f3n electr\u00f3nica, contrataci\u00f3n p\u00fablica, transformaci\u00f3n digital, identidad digital, tecnolog\u00eda, ciberseguridad, transparencia y rendici\u00f3n de cuentas<\/strong>\u2026y un largo etc\u00e9tera.<\/p>\n<p>Una cita ineludible para todas las administraciones p\u00fablicas y sus empresas proveedoras de innovaci\u00f3n y servicios.<\/p>\n<p>En el <strong>quinto episodio<\/strong> de este podcast hablamos sobre la nueva edici\u00f3n con <strong>Miguel \u00c1ngel de Bas Sotelo, organizador de este congreso y Director de Club de Innovaci\u00f3n y Fundador del Club de Innovadores P\u00fablicos<\/strong>.<\/p>\n<p>Adem\u00e1s, y como viene siendo habitual, tambi\u00e9n habr\u00e1 un breve espacio para la <strong>actualidad y agenda<\/strong>, secciones relacionadas con la comunicaci\u00f3n, redes sociales, marketing digital y la transparencia en las administraciones p\u00fablicas.<\/p>\n<p><strong>M\u00e1s informaci\u00f3n<\/strong> sobre la <strong>XII edici\u00f3n del Congreso CNIS<\/strong>: <a href=\"https:\/\/www.cnis.es\/\" target=\"_blank\" rel=\"noopener\">https:\/\/www.cnis.es\/\u00a0<\/a><\/p>\n<p><strong>M\u00e1s informaci\u00f3n<\/strong> sobre el <strong>invitado<\/strong> de esta semana: <a href=\"https:\/\/www.cnis.es\/speakers\/miguel-a-de-bas-sotelo\/\" target=\"_blank\" rel=\"noopener\">https:\/\/www.cnis.es\/speakers\/miguel-a-de-bas-sotelo\/<\/a><\/p>\n","protected":false},"excerpt":{"rendered":"<p>02\/12\/2022 Los d\u00edas 13 y 14 de diciembre de 2022 se celebrar\u00e1 el XII Congreso Nacional de Innovaci\u00f3n y Servicios P\u00fablicos, m\u00e1s conocido como el CNIS. El encuentro tendr\u00e1 lugar en el edificio La Nave, Centro de Innovaci\u00f3n del Ayuntamiento de Madrid. En su duod\u00e9cima edici\u00f3n volver\u00e1 a tener como ejes centrales la innovaci\u00f3n y &#8230; <a title=\"Episodio 5. Congreso CNIS 2022, con Miguel \u00c1ngel de Bas Sotelo [+ Actualidad y Agenda].\" class=\"read-more\" href=\"https:\/\/pedroirustamendieta.com\/es\/podcast\/episodio-5-02-12-2022-congreso-cnis-2022-con-miguel-angel-de-bas-sotelo-actualidad-y-agenda-3\/\" aria-label=\"M\u00e1s en Episodio 5. Congreso CNIS 2022, con Miguel \u00c1ngel de Bas Sotelo [+ Actualidad y Agenda].\">Leer m\u00e1s<\/a><\/p>\n","protected":false},"author":2,"featured_media":0,"menu_order":0,"comment_status":"open","ping_status":"closed","template":"","meta":{"episode_type":"audio","audio_file":"https:\/\/anchor.fm\/s\/c9311658\/podcast\/play\/61521315\/https%3A%2F%2Fd3ctxlq1ktw2nl.cloudfront.net%2Fstaging%2F2022-11-1%2F8c3e4465-72f5-fb91-c868-90af92ea4c78.mp3","podmotor_file_id":"","podmotor_episode_id":"","cover_image":"https:\/\/pedroirustamendieta.com\/wp-content\/uploads\/2022\/12\/33654374-1669924579415-797d7273e3606-2.jpg","cover_image_id":"2274","duration":"","filesize":"29.61M","filesize_raw":"31044650","date_recorded":"2022-12-01 23:00:28","explicit":"","block":""},"tags":[],"series":[133],"class_list":["post-2273","podcast","type-podcast","status-publish","hentry","series-podcast-comunicar-desde-lo-publico"],"episode_featured_image":false,"episode_player_image":"https:\/\/pedroirustamendieta.com\/wp-content\/uploads\/2022\/12\/33654374-1669924579415-797d7273e3606-2.jpg","download_link":"https:\/\/pedroirustamendieta.com\/es\/podcast-download\/2273\/episodio-5-02-12-2022-congreso-cnis-2022-con-miguel-angel-de-bas-sotelo-actualidad-y-agenda-3.mp3","player_link":"https:\/\/pedroirustamendieta.com\/es\/podcast-player\/2273\/episodio-5-02-12-2022-congreso-cnis-2022-con-miguel-angel-de-bas-sotelo-actualidad-y-agenda-3.mp3","audio_player":null,"episode_data":{"playerMode":"light","subscribeUrls":{"anchor":{"key":"anchor","url":"https:\/\/anchor.fm\/comunicardesdelopublico","label":"Anchor","class":"anchor","icon":"anchor.png"},"apple_podcasts":{"key":"apple_podcasts","url":"","label":"Apple Podcasts","class":"apple_podcasts","icon":"apple-podcasts.png"},"google_podcasts":{"key":"google_podcasts","url":"","label":"Google Podcasts","class":"google_podcasts","icon":"google-podcasts.png"},"spotify":{"key":"spotify","url":"https:\/\/open.spotify.com\/show\/1X7dc6ZTSESAnUUuHRat7J","label":"Spotify","class":"spotify","icon":"spotify.png"},"spreaker":{"key":"spreaker","url":"","label":"Spreaker","class":"spreaker","icon":"spreaker.png"},"stitcher":{"key":"stitcher","url":"","label":"Stitcher","class":"stitcher","icon":"stitcher.png"},"ivoox":{"key":"ivoox","url":"","label":"iVoox","class":"ivoox","icon":"ivoox.png"}},"rssFeedUrl":"https:\/\/pedroirustamendieta.com\/es\/feed\/podcast\/podcast-comunicar-desde-lo-publico","embedCode":"<blockquote class=\"wp-embedded-content\" data-secret=\"zXeiAqczHz\"><a href=\"https:\/\/pedroirustamendieta.com\/es\/podcast\/episodio-5-02-12-2022-congreso-cnis-2022-con-miguel-angel-de-bas-sotelo-actualidad-y-agenda-3\/\">Episodio 5. Congreso CNIS 2022, con Miguel \u00c1ngel de Bas Sotelo [+ Actualidad y Agenda].<\/a><\/blockquote><iframe sandbox=\"allow-scripts\" security=\"restricted\" src=\"https:\/\/pedroirustamendieta.com\/es\/podcast\/episodio-5-02-12-2022-congreso-cnis-2022-con-miguel-angel-de-bas-sotelo-actualidad-y-agenda-3\/embed\/#?secret=zXeiAqczHz\" width=\"500\" height=\"350\" title=\"\u00abEpisodio 5. Congreso CNIS 2022, con Miguel \u00c1ngel de Bas Sotelo [+ Actualidad y Agenda].\u00bb \u2014 Pedro Irusta Mendieta: Comunicaci\u00f3n p\u00fablica\" data-secret=\"zXeiAqczHz\" frameborder=\"0\" marginwidth=\"0\" marginheight=\"0\" scrolling=\"no\" class=\"wp-embedded-content\"><\/iframe><script>\n\/*! This file is auto-generated *\/\n!function(d,l){\"use strict\";l.querySelector&&d.addEventListener&&\"undefined\"!=typeof URL&&(d.wp=d.wp||{},d.wp.receiveEmbedMessage||(d.wp.receiveEmbedMessage=function(e){var t=e.data;if((t||t.secret||t.message||t.value)&&!\/[^a-zA-Z0-9]\/.test(t.secret)){for(var s,r,n,a=l.querySelectorAll('iframe[data-secret=\"'+t.secret+'\"]'),o=l.querySelectorAll('blockquote[data-secret=\"'+t.secret+'\"]'),c=new RegExp(\"^https?:$\",\"i\"),i=0;i<o.length;i++)o[i].style.display=\"none\";for(i=0;i<a.length;i++)s=a[i],e.source===s.contentWindow&&(s.removeAttribute(\"style\"),\"height\"===t.message?(1e3<(r=parseInt(t.value,10))?r=1e3:~~r<200&&(r=200),s.height=r):\"link\"===t.message&&(r=new URL(s.getAttribute(\"src\")),n=new URL(t.value),c.test(n.protocol))&&n.host===r.host&&l.activeElement===s&&(d.top.location.href=t.value))}},d.addEventListener(\"message\",d.wp.receiveEmbedMessage,!1),l.addEventListener(\"DOMContentLoaded\",function(){for(var e,t,s=l.querySelectorAll(\"iframe.wp-embedded-content\"),r=0;r<s.length;r++)(t=(e=s[r]).getAttribute(\"data-secret\"))||(t=Math.random().toString(36).substring(2,12),e.src+=\"#?secret=\"+t,e.setAttribute(\"data-secret\",t)),e.contentWindow.postMessage({message:\"ready\",secret:t},\"*\")},!1)))}(window,document);\n\/\/# sourceURL=https:\/\/pedroirustamendieta.com\/wp-includes\/js\/wp-embed.min.js\n<\/script>\n"},"yoast_head":"<!-- This site is optimized with the Yoast SEO plugin v27.3 - https:\/\/yoast.com\/product\/yoast-seo-wordpress\/ -->\n<title>Congreso CNIS 2022, con Miguel \u00c1ngel de Bas Sotelo<\/title>\n<meta name=\"description\" content=\"El quinto episodio del podcast incluye los habituales bloques de Actualidad y Agenda.\" \/>\n<meta name=\"robots\" content=\"index, follow, max-snippet:-1, max-image-preview:large, max-video-preview:-1\" \/>\n<link rel=\"canonical\" href=\"https:\/\/pedroirustamendieta.com\/es\/podcast\/episodio-5-02-12-2022-congreso-cnis-2022-con-miguel-angel-de-bas-sotelo-actualidad-y-agenda-3\/\" \/>\n<meta property=\"og:locale\" content=\"es_ES\" \/>\n<meta property=\"og:type\" content=\"article\" \/>\n<meta property=\"og:title\" content=\"Congreso CNIS 2022, con Miguel \u00c1ngel de Bas Sotelo\" \/>\n<meta property=\"og:description\" content=\"El quinto episodio del podcast incluye los habituales bloques de Actualidad y Agenda.\" \/>\n<meta property=\"og:url\" content=\"https:\/\/pedroirustamendieta.com\/es\/podcast\/episodio-5-02-12-2022-congreso-cnis-2022-con-miguel-angel-de-bas-sotelo-actualidad-y-agenda-3\/\" \/>\n<meta property=\"og:site_name\" content=\"Pedro Irusta Mendieta: Comunicaci\u00f3n p\u00fablica\" \/>\n<meta property=\"article:modified_time\" content=\"2022-12-26T22:20:54+00:00\" \/>\n<meta name=\"twitter:card\" content=\"summary_large_image\" \/>\n<meta name=\"twitter:site\" content=\"@Pedro__Irusta\" \/>\n<meta name=\"twitter:label1\" content=\"Tiempo de lectura\" \/>\n\t<meta name=\"twitter:data1\" content=\"1 minuto\" \/>\n<script type=\"application\/ld+json\" class=\"yoast-schema-graph\">{\"@context\":\"https:\\\/\\\/schema.org\",\"@graph\":[{\"@type\":\"WebPage\",\"@id\":\"https:\\\/\\\/pedroirustamendieta.com\\\/es\\\/podcast\\\/episodio-5-02-12-2022-congreso-cnis-2022-con-miguel-angel-de-bas-sotelo-actualidad-y-agenda-3\\\/\",\"url\":\"https:\\\/\\\/pedroirustamendieta.com\\\/es\\\/podcast\\\/episodio-5-02-12-2022-congreso-cnis-2022-con-miguel-angel-de-bas-sotelo-actualidad-y-agenda-3\\\/\",\"name\":\"Congreso CNIS 2022, con Miguel \u00c1ngel de Bas Sotelo\",\"isPartOf\":{\"@id\":\"https:\\\/\\\/pedroirustamendieta.com\\\/es\\\/#website\"},\"datePublished\":\"2022-12-01T22:00:28+00:00\",\"dateModified\":\"2022-12-26T22:20:54+00:00\",\"description\":\"El quinto episodio del podcast incluye los habituales bloques de Actualidad y Agenda.\",\"breadcrumb\":{\"@id\":\"https:\\\/\\\/pedroirustamendieta.com\\\/es\\\/podcast\\\/episodio-5-02-12-2022-congreso-cnis-2022-con-miguel-angel-de-bas-sotelo-actualidad-y-agenda-3\\\/#breadcrumb\"},\"inLanguage\":\"es\",\"potentialAction\":[{\"@type\":\"ReadAction\",\"target\":[\"https:\\\/\\\/pedroirustamendieta.com\\\/es\\\/podcast\\\/episodio-5-02-12-2022-congreso-cnis-2022-con-miguel-angel-de-bas-sotelo-actualidad-y-agenda-3\\\/\"]}]},{\"@type\":\"BreadcrumbList\",\"@id\":\"https:\\\/\\\/pedroirustamendieta.com\\\/es\\\/podcast\\\/episodio-5-02-12-2022-congreso-cnis-2022-con-miguel-angel-de-bas-sotelo-actualidad-y-agenda-3\\\/#breadcrumb\",\"itemListElement\":[{\"@type\":\"ListItem\",\"position\":1,\"name\":\"Portada\",\"item\":\"https:\\\/\\\/pedroirustamendieta.com\\\/es\\\/\"},{\"@type\":\"ListItem\",\"position\":2,\"name\":\"Podcast\",\"item\":\"https:\\\/\\\/pedroirustamendieta.com\\\/es\\\/podcast\\\/\"},{\"@type\":\"ListItem\",\"position\":3,\"name\":\"Episodio 5. Congreso CNIS 2022, con Miguel \u00c1ngel de Bas Sotelo [+ Actualidad y Agenda].\"}]},{\"@type\":\"WebSite\",\"@id\":\"https:\\\/\\\/pedroirustamendieta.com\\\/es\\\/#website\",\"url\":\"https:\\\/\\\/pedroirustamendieta.com\\\/es\\\/\",\"name\":\"Pedro Irusta Mendieta: Comunicaci\u00f3n y Transparencia en las administraciones p\u00fablicas\",\"description\":\"Blog de Comunicaci\u00f3n y administraciones p\u00fablicas\",\"publisher\":{\"@id\":\"https:\\\/\\\/pedroirustamendieta.com\\\/es\\\/#\\\/schema\\\/person\\\/b5123b985a77b0db9e354a1134eb3087\"},\"potentialAction\":[{\"@type\":\"SearchAction\",\"target\":{\"@type\":\"EntryPoint\",\"urlTemplate\":\"https:\\\/\\\/pedroirustamendieta.com\\\/es\\\/?s={search_term_string}\"},\"query-input\":{\"@type\":\"PropertyValueSpecification\",\"valueRequired\":true,\"valueName\":\"search_term_string\"}}],\"inLanguage\":\"es\"},{\"@type\":[\"Person\",\"Organization\"],\"@id\":\"https:\\\/\\\/pedroirustamendieta.com\\\/es\\\/#\\\/schema\\\/person\\\/b5123b985a77b0db9e354a1134eb3087\",\"name\":\"Pedro Irusta Mendieta\",\"image\":{\"@type\":\"ImageObject\",\"inLanguage\":\"es\",\"@id\":\"https:\\\/\\\/pedroirustamendieta.com\\\/wp-content\\\/uploads\\\/2019\\\/02\\\/pedro-irusta-mendieta.png\",\"url\":\"https:\\\/\\\/pedroirustamendieta.com\\\/wp-content\\\/uploads\\\/2019\\\/02\\\/pedro-irusta-mendieta.png\",\"contentUrl\":\"https:\\\/\\\/pedroirustamendieta.com\\\/wp-content\\\/uploads\\\/2019\\\/02\\\/pedro-irusta-mendieta.png\",\"width\":375,\"height\":53,\"caption\":\"Pedro Irusta Mendieta\"},\"logo\":{\"@id\":\"https:\\\/\\\/pedroirustamendieta.com\\\/wp-content\\\/uploads\\\/2019\\\/02\\\/pedro-irusta-mendieta.png\"},\"description\":\"Periodista y funcionario local, especializado en comunicaci\u00f3n institucional.\",\"sameAs\":[\"https:\\\/\\\/pedroirustamendieta.com\\\/\",\"https:\\\/\\\/www.instagram.com\\\/pedroirustamendieta\",\"https:\\\/\\\/x.com\\\/Pedro__Irusta\"]}]}<\/script>\n<!-- \/ Yoast SEO plugin. -->","yoast_head_json":{"title":"Congreso CNIS 2022, con Miguel \u00c1ngel de Bas Sotelo","description":"El quinto episodio del podcast incluye los habituales bloques de Actualidad y Agenda.","robots":{"index":"index","follow":"follow","max-snippet":"max-snippet:-1","max-image-preview":"max-image-preview:large","max-video-preview":"max-video-preview:-1"},"canonical":"https:\/\/pedroirustamendieta.com\/es\/podcast\/episodio-5-02-12-2022-congreso-cnis-2022-con-miguel-angel-de-bas-sotelo-actualidad-y-agenda-3\/","og_locale":"es_ES","og_type":"article","og_title":"Congreso CNIS 2022, con Miguel \u00c1ngel de Bas Sotelo","og_description":"El quinto episodio del podcast incluye los habituales bloques de Actualidad y Agenda.","og_url":"https:\/\/pedroirustamendieta.com\/es\/podcast\/episodio-5-02-12-2022-congreso-cnis-2022-con-miguel-angel-de-bas-sotelo-actualidad-y-agenda-3\/","og_site_name":"Pedro Irusta Mendieta: Comunicaci\u00f3n p\u00fablica","article_modified_time":"2022-12-26T22:20:54+00:00","twitter_card":"summary_large_image","twitter_site":"@Pedro__Irusta","twitter_misc":{"Tiempo de lectura":"1 minuto"},"schema":{"@context":"https:\/\/schema.org","@graph":[{"@type":"WebPage","@id":"https:\/\/pedroirustamendieta.com\/es\/podcast\/episodio-5-02-12-2022-congreso-cnis-2022-con-miguel-angel-de-bas-sotelo-actualidad-y-agenda-3\/","url":"https:\/\/pedroirustamendieta.com\/es\/podcast\/episodio-5-02-12-2022-congreso-cnis-2022-con-miguel-angel-de-bas-sotelo-actualidad-y-agenda-3\/","name":"Congreso CNIS 2022, con Miguel \u00c1ngel de Bas Sotelo","isPartOf":{"@id":"https:\/\/pedroirustamendieta.com\/es\/#website"},"datePublished":"2022-12-01T22:00:28+00:00","dateModified":"2022-12-26T22:20:54+00:00","description":"El quinto episodio del podcast incluye los habituales bloques de Actualidad y Agenda.","breadcrumb":{"@id":"https:\/\/pedroirustamendieta.com\/es\/podcast\/episodio-5-02-12-2022-congreso-cnis-2022-con-miguel-angel-de-bas-sotelo-actualidad-y-agenda-3\/#breadcrumb"},"inLanguage":"es","potentialAction":[{"@type":"ReadAction","target":["https:\/\/pedroirustamendieta.com\/es\/podcast\/episodio-5-02-12-2022-congreso-cnis-2022-con-miguel-angel-de-bas-sotelo-actualidad-y-agenda-3\/"]}]},{"@type":"BreadcrumbList","@id":"https:\/\/pedroirustamendieta.com\/es\/podcast\/episodio-5-02-12-2022-congreso-cnis-2022-con-miguel-angel-de-bas-sotelo-actualidad-y-agenda-3\/#breadcrumb","itemListElement":[{"@type":"ListItem","position":1,"name":"Portada","item":"https:\/\/pedroirustamendieta.com\/es\/"},{"@type":"ListItem","position":2,"name":"Podcast","item":"https:\/\/pedroirustamendieta.com\/es\/podcast\/"},{"@type":"ListItem","position":3,"name":"Episodio 5. Congreso CNIS 2022, con Miguel \u00c1ngel de Bas Sotelo [+ Actualidad y Agenda]."}]},{"@type":"WebSite","@id":"https:\/\/pedroirustamendieta.com\/es\/#website","url":"https:\/\/pedroirustamendieta.com\/es\/","name":"Pedro Irusta Mendieta: Comunicaci\u00f3n y Transparencia en las administraciones p\u00fablicas","description":"Blog de Comunicaci\u00f3n y administraciones p\u00fablicas","publisher":{"@id":"https:\/\/pedroirustamendieta.com\/es\/#\/schema\/person\/b5123b985a77b0db9e354a1134eb3087"},"potentialAction":[{"@type":"SearchAction","target":{"@type":"EntryPoint","urlTemplate":"https:\/\/pedroirustamendieta.com\/es\/?s={search_term_string}"},"query-input":{"@type":"PropertyValueSpecification","valueRequired":true,"valueName":"search_term_string"}}],"inLanguage":"es"},{"@type":["Person","Organization"],"@id":"https:\/\/pedroirustamendieta.com\/es\/#\/schema\/person\/b5123b985a77b0db9e354a1134eb3087","name":"Pedro Irusta Mendieta","image":{"@type":"ImageObject","inLanguage":"es","@id":"https:\/\/pedroirustamendieta.com\/wp-content\/uploads\/2019\/02\/pedro-irusta-mendieta.png","url":"https:\/\/pedroirustamendieta.com\/wp-content\/uploads\/2019\/02\/pedro-irusta-mendieta.png","contentUrl":"https:\/\/pedroirustamendieta.com\/wp-content\/uploads\/2019\/02\/pedro-irusta-mendieta.png","width":375,"height":53,"caption":"Pedro Irusta Mendieta"},"logo":{"@id":"https:\/\/pedroirustamendieta.com\/wp-content\/uploads\/2019\/02\/pedro-irusta-mendieta.png"},"description":"Periodista y funcionario local, especializado en comunicaci\u00f3n institucional.","sameAs":["https:\/\/pedroirustamendieta.com\/","https:\/\/www.instagram.com\/pedroirustamendieta","https:\/\/x.com\/Pedro__Irusta"]}]}},"_links":{"self":[{"href":"https:\/\/pedroirustamendieta.com\/es\/wp-json\/wp\/v2\/podcast\/2273","targetHints":{"allow":["GET"]}}],"collection":[{"href":"https:\/\/pedroirustamendieta.com\/es\/wp-json\/wp\/v2\/podcast"}],"about":[{"href":"https:\/\/pedroirustamendieta.com\/es\/wp-json\/wp\/v2\/types\/podcast"}],"author":[{"embeddable":true,"href":"https:\/\/pedroirustamendieta.com\/es\/wp-json\/wp\/v2\/users\/2"}],"replies":[{"embeddable":true,"href":"https:\/\/pedroirustamendieta.com\/es\/wp-json\/wp\/v2\/comments?post=2273"}],"wp:attachment":[{"href":"https:\/\/pedroirustamendieta.com\/es\/wp-json\/wp\/v2\/media?parent=2273"}],"wp:term":[{"taxonomy":"post_tag","embeddable":true,"href":"https:\/\/pedroirustamendieta.com\/es\/wp-json\/wp\/v2\/tags?post=2273"},{"taxonomy":"series","embeddable":true,"href":"https:\/\/pedroirustamendieta.com\/es\/wp-json\/wp\/v2\/series?post=2273"}],"curies":[{"name":"wp","href":"https:\/\/api.w.org\/{rel}","templated":true}]}}