{"id":16,"date":"2019-01-29T09:27:17","date_gmt":"2019-01-29T08:27:17","guid":{"rendered":"https:\/\/pedroirustamendieta.com\/?page_id=16"},"modified":"2026-04-02T14:33:33","modified_gmt":"2026-04-02T13:33:33","slug":"sobre-mi","status":"publish","type":"page","link":"https:\/\/pedroirustamendieta.com\/es\/sobre-mi\/","title":{"rendered":"Sobre m\u00ed"},"content":{"rendered":"\t\t<div data-elementor-type=\"wp-post\" data-elementor-id=\"16\" class=\"elementor elementor-16\" data-elementor-post-type=\"page\">\n\t\t\t\t\t\t<section class=\"elementor-section elementor-top-section elementor-element elementor-element-6a831434 elementor-section-stretched elementor-section-boxed elementor-section-height-default elementor-section-height-default\" data-id=\"6a831434\" data-element_type=\"section\" data-e-type=\"section\" data-settings=\"{&quot;background_background&quot;:&quot;gradient&quot;,&quot;stretch_section&quot;:&quot;section-stretched&quot;}\">\n\t\t\t\t\t\t\t<div class=\"elementor-background-overlay\"><\/div>\n\t\t\t\t\t\t\t<div class=\"elementor-container elementor-column-gap-no\">\n\t\t\t\t\t<div class=\"elementor-column elementor-col-50 elementor-top-column elementor-element elementor-element-7ae88b67\" data-id=\"7ae88b67\" data-element_type=\"column\" data-e-type=\"column\">\n\t\t\t<div class=\"elementor-widget-wrap elementor-element-populated\">\n\t\t\t\t\t\t<div class=\"elementor-element elementor-element-cffc96c elementor-widget elementor-widget-heading\" data-id=\"cffc96c\" data-element_type=\"widget\" data-e-type=\"widget\" data-widget_type=\"heading.default\">\n\t\t\t\t<div class=\"elementor-widget-container\">\n\t\t\t\t\t<h1 class=\"elementor-heading-title elementor-size-default\">Hola, soy Pedro Irusta: periodista y funcionario en la Administraci\u00f3n Local, dedicado a la comunicaci\u00f3n institucional y la transparencia\n<\/h1>\t\t\t\t<\/div>\n\t\t\t\t<\/div>\n\t\t\t\t<div class=\"elementor-element elementor-element-48fd5e84 elementor-widget elementor-widget-heading\" data-id=\"48fd5e84\" data-element_type=\"widget\" data-e-type=\"widget\" data-widget_type=\"heading.default\">\n\t\t\t\t<div class=\"elementor-widget-container\">\n\t\t\t\t\t<h3 class=\"elementor-heading-title elementor-size-default\">\nMe considero un aprendiz constante y tengo una gran inquietud por la comunicaci\u00f3n corporativa e institucional, as\u00ed como por el papel que juegan las redes sociales en el \u00e1mbito p\u00fablico.<\/h3>\t\t\t\t<\/div>\n\t\t\t\t<\/div>\n\t\t\t\t<div class=\"elementor-element elementor-element-40b9dbf0 elementor-mobile-align-center elementor-align-center elementor-widget elementor-widget-button\" data-id=\"40b9dbf0\" data-element_type=\"widget\" data-e-type=\"widget\" data-widget_type=\"button.default\">\n\t\t\t\t<div class=\"elementor-widget-container\">\n\t\t\t\t\t\t\t\t\t<div class=\"elementor-button-wrapper\">\n\t\t\t\t\t<a class=\"elementor-button elementor-button-link elementor-size-sm\" href=\"https:\/\/pedroirustamendieta.com\/contacto\/\">\n\t\t\t\t\t\t<span class=\"elementor-button-content-wrapper\">\n\t\t\t\t\t\t\t\t\t<span class=\"elementor-button-text\">\u00a1CONTACTA CONMIGO!<\/span>\n\t\t\t\t\t<\/span>\n\t\t\t\t\t<\/a>\n\t\t\t\t<\/div>\n\t\t\t\t\t\t\t\t<\/div>\n\t\t\t\t<\/div>\n\t\t\t\t\t<\/div>\n\t\t<\/div>\n\t\t\t\t<div class=\"elementor-column elementor-col-50 elementor-top-column elementor-element elementor-element-44c4a687\" data-id=\"44c4a687\" data-element_type=\"column\" data-e-type=\"column\">\n\t\t\t<div class=\"elementor-widget-wrap elementor-element-populated\">\n\t\t\t\t\t\t<div class=\"elementor-element elementor-element-5c5724fc elementor-widget elementor-widget-image\" data-id=\"5c5724fc\" data-element_type=\"widget\" data-e-type=\"widget\" data-widget_type=\"image.default\">\n\t\t\t\t<div class=\"elementor-widget-container\">\n\t\t\t\t\t\t\t\t\t\t\t\t\t\t\t<img fetchpriority=\"high\" decoding=\"async\" width=\"674\" height=\"1024\" src=\"https:\/\/pedroirustamendieta.com\/wp-content\/uploads\/2024\/12\/3A9Q8638-674x1024.jpg\" class=\"attachment-large size-large wp-image-2752\" alt=\"\" srcset=\"https:\/\/pedroirustamendieta.com\/wp-content\/uploads\/2024\/12\/3A9Q8638-674x1024.jpg 674w, https:\/\/pedroirustamendieta.com\/wp-content\/uploads\/2024\/12\/3A9Q8638-197x300.jpg 197w, https:\/\/pedroirustamendieta.com\/wp-content\/uploads\/2024\/12\/3A9Q8638-768x1167.jpg 768w, https:\/\/pedroirustamendieta.com\/wp-content\/uploads\/2024\/12\/3A9Q8638-1011x1536.jpg 1011w, https:\/\/pedroirustamendieta.com\/wp-content\/uploads\/2024\/12\/3A9Q8638-1348x2048.jpg 1348w, https:\/\/pedroirustamendieta.com\/wp-content\/uploads\/2024\/12\/3A9Q8638-610x927.jpg 610w, https:\/\/pedroirustamendieta.com\/wp-content\/uploads\/2024\/12\/3A9Q8638-scaled.jpg 1685w\" sizes=\"(max-width: 674px) 100vw, 674px\" \/>\t\t\t\t\t\t\t\t\t\t\t\t\t\t\t<\/div>\n\t\t\t\t<\/div>\n\t\t\t\t\t<\/div>\n\t\t<\/div>\n\t\t\t\t\t<\/div>\n\t\t<\/section>\n\t\t\t\t<section class=\"elementor-section elementor-top-section elementor-element elementor-element-5771d37b elementor-section-stretched elementor-section-boxed elementor-section-height-default elementor-section-height-default\" data-id=\"5771d37b\" data-element_type=\"section\" data-e-type=\"section\" data-settings=\"{&quot;background_background&quot;:&quot;classic&quot;,&quot;stretch_section&quot;:&quot;section-stretched&quot;}\">\n\t\t\t\t\t\t<div class=\"elementor-container elementor-column-gap-no\">\n\t\t\t\t\t<div class=\"elementor-column elementor-col-100 elementor-top-column elementor-element elementor-element-268ca654\" data-id=\"268ca654\" data-element_type=\"column\" data-e-type=\"column\" data-settings=\"{&quot;background_background&quot;:&quot;classic&quot;}\">\n\t\t\t<div class=\"elementor-widget-wrap elementor-element-populated\">\n\t\t\t\t\t\t<div class=\"elementor-element elementor-element-3c45fa3 elementor-widget elementor-widget-spacer\" data-id=\"3c45fa3\" data-element_type=\"widget\" data-e-type=\"widget\" data-widget_type=\"spacer.default\">\n\t\t\t\t<div class=\"elementor-widget-container\">\n\t\t\t\t\t\t\t<div class=\"elementor-spacer\">\n\t\t\t<div class=\"elementor-spacer-inner\"><\/div>\n\t\t<\/div>\n\t\t\t\t\t\t<\/div>\n\t\t\t\t<\/div>\n\t\t\t\t\t<\/div>\n\t\t<\/div>\n\t\t\t\t\t<\/div>\n\t\t<\/section>\n\t\t\t\t<section class=\"elementor-section elementor-top-section elementor-element elementor-element-691d21a elementor-section-boxed elementor-section-height-default elementor-section-height-default\" data-id=\"691d21a\" data-element_type=\"section\" data-e-type=\"section\">\n\t\t\t\t\t\t<div class=\"elementor-container elementor-column-gap-default\">\n\t\t\t\t\t<div class=\"elementor-column elementor-col-100 elementor-top-column elementor-element elementor-element-f8be860\" data-id=\"f8be860\" data-element_type=\"column\" data-e-type=\"column\">\n\t\t\t<div class=\"elementor-widget-wrap elementor-element-populated\">\n\t\t\t\t\t\t<div class=\"elementor-element elementor-element-1e88e24b elementor-widget elementor-widget-heading\" data-id=\"1e88e24b\" data-element_type=\"widget\" data-e-type=\"widget\" data-widget_type=\"heading.default\">\n\t\t\t\t<div class=\"elementor-widget-container\">\n\t\t\t\t\t<h2 class=\"elementor-heading-title elementor-size-default\">Mi misi\u00f3n: conectar, informar y transformar<\/h2>\t\t\t\t<\/div>\n\t\t\t\t<\/div>\n\t\t\t\t<div class=\"elementor-element elementor-element-9fe0aff elementor-widget elementor-widget-text-editor\" data-id=\"9fe0aff\" data-element_type=\"widget\" data-e-type=\"widget\" data-widget_type=\"text-editor.default\">\n\t\t\t\t<div class=\"elementor-widget-container\">\n\t\t\t\t\t\t\t\t\t<p>Desde hace m\u00e1s de una d\u00e9cada, mi carrera ha girado en torno a la <strong>comunicaci\u00f3n<\/strong>. He recorrido un camino diverso y enriquecedor que me ha llevado de los <strong>micr\u00f3fonos de la radio local<\/strong>, pasando por el <strong>periodismo digital<\/strong>, hasta especializarme en <strong>comunicaci\u00f3n institucional y transparencia en las administraciones p\u00fablicas<\/strong>.<\/p>\t\t\t\t\t\t\t\t<\/div>\n\t\t\t\t<\/div>\n\t\t\t\t\t<\/div>\n\t\t<\/div>\n\t\t\t\t\t<\/div>\n\t\t<\/section>\n\t\t\t\t<section class=\"elementor-section elementor-top-section elementor-element elementor-element-5e1fa94 elementor-section-boxed elementor-section-height-default elementor-section-height-default\" data-id=\"5e1fa94\" data-element_type=\"section\" data-e-type=\"section\" data-settings=\"{&quot;background_background&quot;:&quot;classic&quot;}\">\n\t\t\t\t\t\t<div class=\"elementor-container elementor-column-gap-default\">\n\t\t\t\t\t<div class=\"elementor-column elementor-col-50 elementor-top-column elementor-element elementor-element-cfc6011\" data-id=\"cfc6011\" data-element_type=\"column\" data-e-type=\"column\">\n\t\t\t<div class=\"elementor-widget-wrap elementor-element-populated\">\n\t\t\t\t\t\t<div class=\"elementor-element elementor-element-9e59fdd elementor-widget elementor-widget-image\" data-id=\"9e59fdd\" data-element_type=\"widget\" data-e-type=\"widget\" data-widget_type=\"image.default\">\n\t\t\t\t<div class=\"elementor-widget-container\">\n\t\t\t\t\t\t\t\t\t\t\t\t\t\t\t<img decoding=\"async\" width=\"375\" height=\"500\" src=\"https:\/\/pedroirustamendieta.com\/wp-content\/uploads\/2019\/01\/HerriIrratia1.jpg\" class=\"attachment-large size-large wp-image-109\" alt=\"\" srcset=\"https:\/\/pedroirustamendieta.com\/wp-content\/uploads\/2019\/01\/HerriIrratia1.jpg 375w, https:\/\/pedroirustamendieta.com\/wp-content\/uploads\/2019\/01\/HerriIrratia1-225x300.jpg 225w\" sizes=\"(max-width: 375px) 100vw, 375px\" \/>\t\t\t\t\t\t\t\t\t\t\t\t\t\t\t<\/div>\n\t\t\t\t<\/div>\n\t\t\t\t\t<\/div>\n\t\t<\/div>\n\t\t\t\t<div class=\"elementor-column elementor-col-50 elementor-top-column elementor-element elementor-element-bc3f860\" data-id=\"bc3f860\" data-element_type=\"column\" data-e-type=\"column\">\n\t\t\t<div class=\"elementor-widget-wrap elementor-element-populated\">\n\t\t\t\t\t\t<div class=\"elementor-element elementor-element-1e52cfb elementor-widget elementor-widget-heading\" data-id=\"1e52cfb\" data-element_type=\"widget\" data-e-type=\"widget\" data-widget_type=\"heading.default\">\n\t\t\t\t<div class=\"elementor-widget-container\">\n\t\t\t\t\t<h2 class=\"elementor-heading-title elementor-size-default\">Un recorrido profesional con prop\u00f3sito\n<\/h2>\t\t\t\t<\/div>\n\t\t\t\t<\/div>\n\t\t\t\t<div class=\"elementor-element elementor-element-dfde9fa elementor-widget elementor-widget-text-editor\" data-id=\"dfde9fa\" data-element_type=\"widget\" data-e-type=\"widget\" data-widget_type=\"text-editor.default\">\n\t\t\t\t<div class=\"elementor-widget-container\">\n\t\t\t\t\t\t\t\t\t<p><strong>Mi historia profesional comienza en la<\/strong> <strong>radio<\/strong> en 2007, donde aprend\u00ed a contar historias y a emocionar desde el sonido por medio de distintos magazines e informativos. En un principio, en Herri Irratia Eibar, y, posteriormente, en Onda Vasca-Grupo Noticias.<\/p><p><strong>M\u00e1s tarde<\/strong>, entre 2010 y 2014, <strong>trabaj\u00e9 en una fundaci\u00f3n cultural<\/strong> (Fundaci\u00f3n Lenbur), <strong>en un medio digital<\/strong> (diario local Mondraberri) <strong>y en una agencia de desarrollo econ\u00f3mico<\/strong> (Debegesa), acumulando experiencias que me permitieron descubrir nuevas perspectivas de la comunicaci\u00f3n y el marketing.<\/p>\t\t\t\t\t\t\t\t<\/div>\n\t\t\t\t<\/div>\n\t\t\t\t\t<\/div>\n\t\t<\/div>\n\t\t\t\t\t<\/div>\n\t\t<\/section>\n\t\t\t\t<section class=\"elementor-section elementor-top-section elementor-element elementor-element-f32d30e elementor-section-boxed elementor-section-height-default elementor-section-height-default\" data-id=\"f32d30e\" data-element_type=\"section\" data-e-type=\"section\">\n\t\t\t\t\t\t<div class=\"elementor-container elementor-column-gap-default\">\n\t\t\t\t\t<div class=\"elementor-column elementor-col-50 elementor-top-column elementor-element elementor-element-7c9b115\" data-id=\"7c9b115\" data-element_type=\"column\" data-e-type=\"column\">\n\t\t\t<div class=\"elementor-widget-wrap elementor-element-populated\">\n\t\t\t\t\t\t<div class=\"elementor-element elementor-element-a08478a elementor-widget elementor-widget-heading\" data-id=\"a08478a\" data-element_type=\"widget\" data-e-type=\"widget\" data-widget_type=\"heading.default\">\n\t\t\t\t<div class=\"elementor-widget-container\">\n\t\t\t\t\t<h2 class=\"elementor-heading-title elementor-size-default\">Comunicaci\u00f3n de servicio p\u00fablico<\/h2>\t\t\t\t<\/div>\n\t\t\t\t<\/div>\n\t\t\t\t<div class=\"elementor-element elementor-element-845878c elementor-widget elementor-widget-text-editor\" data-id=\"845878c\" data-element_type=\"widget\" data-e-type=\"widget\" data-widget_type=\"text-editor.default\">\n\t\t\t\t<div class=\"elementor-widget-container\">\n\t\t\t\t\t\t\t\t\t<p><strong>Desde 2014<\/strong>, tengo el privilegio de desarrollar mi labor <strong>en el \u00e1mbito de la comunicaci\u00f3n institucional<\/strong> y la <strong>transparencia<\/strong> en el Ayuntamiento de Eibar (Gipuzkoa). Primero, como funcionario interino, y desde enero de 2025, como funcionario de carrera. All\u00ed, he desarrollado estrategias innovadoras de comunicaci\u00f3n y transparencia que han convertido al Consistorio en un referente a nivel regional.<\/p><p>Adem\u00e1s de dise\u00f1ar, coordinar, implementar y evaluar planes que acercan la instituci\u00f3n a la ciudadan\u00eda, mi d\u00eda a d\u00eda consiste, entre otros asuntos, en gestionar la web municipal, las redes sociales y el Portal de Transparencia.<\/p>\t\t\t\t\t\t\t\t<\/div>\n\t\t\t\t<\/div>\n\t\t\t\t\t<\/div>\n\t\t<\/div>\n\t\t\t\t<div class=\"elementor-column elementor-col-50 elementor-top-column elementor-element elementor-element-c73b813\" data-id=\"c73b813\" data-element_type=\"column\" data-e-type=\"column\">\n\t\t\t<div class=\"elementor-widget-wrap elementor-element-populated\">\n\t\t\t\t\t\t<div class=\"elementor-element elementor-element-67842dc elementor-widget elementor-widget-image\" data-id=\"67842dc\" data-element_type=\"widget\" data-e-type=\"widget\" data-widget_type=\"image.default\">\n\t\t\t\t<div class=\"elementor-widget-container\">\n\t\t\t\t\t\t\t\t\t\t\t\t\t\t\t<img decoding=\"async\" width=\"446\" height=\"356\" src=\"https:\/\/pedroirustamendieta.com\/wp-content\/uploads\/2019\/01\/Eibarko-Udala-2-e1733955156550.jpg\" class=\"attachment-large size-large wp-image-108\" alt=\"\" srcset=\"https:\/\/pedroirustamendieta.com\/wp-content\/uploads\/2019\/01\/Eibarko-Udala-2-e1733955156550.jpg 446w, https:\/\/pedroirustamendieta.com\/wp-content\/uploads\/2019\/01\/Eibarko-Udala-2-e1733955156550-300x239.jpg 300w\" sizes=\"(max-width: 446px) 100vw, 446px\" \/>\t\t\t\t\t\t\t\t\t\t\t\t\t\t\t<\/div>\n\t\t\t\t<\/div>\n\t\t\t\t\t<\/div>\n\t\t<\/div>\n\t\t\t\t\t<\/div>\n\t\t<\/section>\n\t\t\t\t<section class=\"elementor-section elementor-top-section elementor-element elementor-element-7070a79 elementor-section-boxed elementor-section-height-default elementor-section-height-default\" data-id=\"7070a79\" data-element_type=\"section\" data-e-type=\"section\" data-settings=\"{&quot;background_background&quot;:&quot;classic&quot;}\">\n\t\t\t\t\t\t<div class=\"elementor-container elementor-column-gap-default\">\n\t\t\t\t\t<div class=\"elementor-column elementor-col-100 elementor-top-column elementor-element elementor-element-a03864f\" data-id=\"a03864f\" data-element_type=\"column\" data-e-type=\"column\">\n\t\t\t<div class=\"elementor-widget-wrap elementor-element-populated\">\n\t\t\t\t\t\t<div class=\"elementor-element elementor-element-2789415 elementor-widget elementor-widget-heading\" data-id=\"2789415\" data-element_type=\"widget\" data-e-type=\"widget\" data-widget_type=\"heading.default\">\n\t\t\t\t<div class=\"elementor-widget-container\">\n\t\t\t\t\t<h2 class=\"elementor-heading-title elementor-size-default\">La comunicaci\u00f3n como aprendizaje continuo<\/h2>\t\t\t\t<\/div>\n\t\t\t\t<\/div>\n\t\t\t\t<div class=\"elementor-element elementor-element-baf14ad elementor-widget elementor-widget-text-editor\" data-id=\"baf14ad\" data-element_type=\"widget\" data-e-type=\"widget\" data-widget_type=\"text-editor.default\">\n\t\t\t\t<div class=\"elementor-widget-container\">\n\t\t\t\t\t\t\t\t\t<p style=\"text-align: left;\">Creo firmemente que en el mundo de la comunicaci\u00f3n nunca se deja de aprender. Esta filosof\u00eda me ha llevado a complementar mi <strong>Licenciatura en Periodismo (UPV-EHU)<\/strong> con formaci\u00f3n especializada en:<\/p><ul><li style=\"text-align: left;\"><strong>M\u00e1ster en Comunicaci\u00f3n Corporativa (Universidad del Pa\u00eds Vasco-Euskal Herriko Unibertsitatea)<\/strong><\/li><li style=\"text-align: left;\"><strong>M\u00e1ster en Marketing Digital y Community Management (Escuela de Marketing and Web)<\/strong><\/li><li style=\"text-align: left;\"><strong>M\u00e1ster en Transparencia y Buen Gobierno (Universidad Complutense de Madrid)<\/strong><\/li><\/ul><p style=\"text-align: left;\">Estos conocimientos no solo han potenciado mi trabajo, sino que tambi\u00e9n me han permitido aportar m\u00e1s valor a mi entorno profesional.<\/p><p style=\"text-align: left;\" data-start=\"318\" data-end=\"620\">En la actualidad, compagino mi trabajo en el sector p\u00fablico con mis estudios de <strong>Grado en<\/strong> <strong>Psicolog\u00eda en la UNED<\/strong>, que inici\u00e9 en octubre de 2025. Junto a la comunicaci\u00f3n, siempre me ha interesado entender en profundidad la mente humana y por qu\u00e9 pensamos, sentimos y actuamos como lo hacemos.<\/p><p style=\"text-align: left;\" data-start=\"622\" data-end=\"847\">Me mueve la curiosidad por descubrir qu\u00e9 hay detr\u00e1s de nuestras decisiones, emociones y comportamientos, y c\u00f3mo todo ello influye en la manera en que nos relacionamos, tanto a nivel personal como profesional.<\/p><p style=\"text-align: left;\" data-start=\"849\" data-end=\"1032\">Para m\u00ed, psicolog\u00eda y comunicaci\u00f3n no van por caminos separados: se complementan. Comprender mejor a las personas nos permite comunicar con m\u00e1s sentido, m\u00e1s consciencia y m\u00e1s impacto.<\/p><p style=\"text-align: left;\" data-start=\"1034\" data-end=\"1172\">Creo firmemente que una comunicaci\u00f3n aut\u00e9ntica nace de entender qu\u00e9 mueve a las personas, qu\u00e9 necesitan y c\u00f3mo conectamos desde lo humano.<\/p>\t\t\t\t\t\t\t\t<\/div>\n\t\t\t\t<\/div>\n\t\t\t\t\t<\/div>\n\t\t<\/div>\n\t\t\t\t\t<\/div>\n\t\t<\/section>\n\t\t\t\t<section class=\"elementor-section elementor-top-section elementor-element elementor-element-c096d4c elementor-section-boxed elementor-section-height-default elementor-section-height-default\" data-id=\"c096d4c\" data-element_type=\"section\" data-e-type=\"section\">\n\t\t\t\t\t\t<div class=\"elementor-container elementor-column-gap-default\">\n\t\t\t\t\t<div class=\"elementor-column elementor-col-100 elementor-top-column elementor-element elementor-element-7aca736\" data-id=\"7aca736\" data-element_type=\"column\" data-e-type=\"column\">\n\t\t\t<div class=\"elementor-widget-wrap elementor-element-populated\">\n\t\t\t\t\t\t<div class=\"elementor-element elementor-element-69d6f5a elementor-widget elementor-widget-heading\" data-id=\"69d6f5a\" data-element_type=\"widget\" data-e-type=\"widget\" data-widget_type=\"heading.default\">\n\t\t\t\t<div class=\"elementor-widget-container\">\n\t\t\t\t\t<h2 class=\"elementor-heading-title elementor-size-default\">Mi trayectoria profesional y colaboraciones<\/h2>\t\t\t\t<\/div>\n\t\t\t\t<\/div>\n\t\t\t\t\t<\/div>\n\t\t<\/div>\n\t\t\t\t\t<\/div>\n\t\t<\/section>\n\t\t\t\t<section class=\"elementor-section elementor-top-section elementor-element elementor-element-c3960fc elementor-section-boxed elementor-section-height-default elementor-section-height-default\" data-id=\"c3960fc\" data-element_type=\"section\" data-e-type=\"section\" data-settings=\"{&quot;background_background&quot;:&quot;gradient&quot;}\">\n\t\t\t\t\t\t<div class=\"elementor-container elementor-column-gap-default\">\n\t\t\t\t\t<div class=\"elementor-column elementor-col-100 elementor-top-column elementor-element elementor-element-14a6953\" data-id=\"14a6953\" data-element_type=\"column\" data-e-type=\"column\">\n\t\t\t<div class=\"elementor-widget-wrap elementor-element-populated\">\n\t\t\t\t\t\t<div class=\"elementor-element elementor-element-0adc8fb elementor-skin-carousel elementor-arrows-yes elementor-pagination-type-bullets elementor-pagination-position-outside elementor-widget elementor-widget-media-carousel\" data-id=\"0adc8fb\" data-element_type=\"widget\" data-e-type=\"widget\" data-settings=\"{&quot;skin&quot;:&quot;carousel&quot;,&quot;effect&quot;:&quot;slide&quot;,&quot;show_arrows&quot;:&quot;yes&quot;,&quot;pagination&quot;:&quot;bullets&quot;,&quot;speed&quot;:500,&quot;autoplay&quot;:&quot;yes&quot;,&quot;autoplay_speed&quot;:5000,&quot;loop&quot;:&quot;yes&quot;,&quot;pause_on_hover&quot;:&quot;yes&quot;,&quot;pause_on_interaction&quot;:&quot;yes&quot;,&quot;space_between&quot;:{&quot;unit&quot;:&quot;px&quot;,&quot;size&quot;:10,&quot;sizes&quot;:[]},&quot;space_between_tablet&quot;:{&quot;unit&quot;:&quot;px&quot;,&quot;size&quot;:10,&quot;sizes&quot;:[]},&quot;space_between_mobile&quot;:{&quot;unit&quot;:&quot;px&quot;,&quot;size&quot;:10,&quot;sizes&quot;:[]}}\" data-widget_type=\"media-carousel.default\">\n\t\t\t\t<div class=\"elementor-widget-container\">\n\t\t\t\t\t\t\t\t\t<div class=\"elementor-swiper\">\n\t\t\t\t\t<div class=\"elementor-main-swiper swiper\" role=\"region\" aria-roledescription=\"carousel\" aria-label=\"Diapositivas\">\n\t\t\t\t<div class=\"swiper-wrapper\">\n\t\t\t\t\t\t\t\t\t\t\t<div class=\"swiper-slide\" role=\"group\" aria-roledescription=\"slide\">\n\t\t\t\t\t\t\t\t\t<div class=\"elementor-carousel-image\" role=\"img\" aria-label=\"1-Herri Irratia\" style=\"background-image: url(&#039;https:\/\/pedroirustamendieta.com\/wp-content\/uploads\/2024\/12\/1-1.png&#039;)\">\n\n\t\t\t\n\t\t\t\t\t<\/div>\n\t\t\t\t\t\t\t\t<\/div>\n\t\t\t\t\t\t\t\t\t\t\t<div class=\"swiper-slide\" role=\"group\" aria-roledescription=\"slide\">\n\t\t\t\t\t\t\t\t\t<div class=\"elementor-carousel-image\" role=\"img\" aria-label=\"2-Onda-Vasca\" style=\"background-image: url(&#039;https:\/\/pedroirustamendieta.com\/wp-content\/uploads\/2024\/12\/2-1.png&#039;)\">\n\n\t\t\t\n\t\t\t\t\t<\/div>\n\t\t\t\t\t\t\t\t<\/div>\n\t\t\t\t\t\t\t\t\t\t\t<div class=\"swiper-slide\" role=\"group\" aria-roledescription=\"slide\">\n\t\t\t\t\t\t\t\t\t<div class=\"elementor-carousel-image\" role=\"img\" aria-label=\"3-Lenbur Fundazioa\" style=\"background-image: url(&#039;https:\/\/pedroirustamendieta.com\/wp-content\/uploads\/2024\/12\/3-2.png&#039;)\">\n\n\t\t\t\n\t\t\t\t\t<\/div>\n\t\t\t\t\t\t\t\t<\/div>\n\t\t\t\t\t\t\t\t\t\t\t<div class=\"swiper-slide\" role=\"group\" aria-roledescription=\"slide\">\n\t\t\t\t\t\t\t\t\t<div class=\"elementor-carousel-image\" role=\"img\" aria-label=\"4-Mondraberri\" style=\"background-image: url(&#039;https:\/\/pedroirustamendieta.com\/wp-content\/uploads\/2024\/12\/4-1.png&#039;)\">\n\n\t\t\t\n\t\t\t\t\t<\/div>\n\t\t\t\t\t\t\t\t<\/div>\n\t\t\t\t\t\t\t\t\t\t\t<div class=\"swiper-slide\" role=\"group\" aria-roledescription=\"slide\">\n\t\t\t\t\t\t\t\t\t<div class=\"elementor-carousel-image\" role=\"img\" aria-label=\"5-Euskampus\" style=\"background-image: url(&#039;https:\/\/pedroirustamendieta.com\/wp-content\/uploads\/2024\/12\/5-1.png&#039;)\">\n\n\t\t\t\n\t\t\t\t\t<\/div>\n\t\t\t\t\t\t\t\t<\/div>\n\t\t\t\t\t\t\t\t\t\t\t<div class=\"swiper-slide\" role=\"group\" aria-roledescription=\"slide\">\n\t\t\t\t\t\t\t\t\t<div class=\"elementor-carousel-image\" role=\"img\" aria-label=\"6-Debegesa\" style=\"background-image: url(&#039;https:\/\/pedroirustamendieta.com\/wp-content\/uploads\/2024\/12\/6-1.png&#039;)\">\n\n\t\t\t\n\t\t\t\t\t<\/div>\n\t\t\t\t\t\t\t\t<\/div>\n\t\t\t\t\t\t\t\t\t\t\t<div class=\"swiper-slide\" role=\"group\" aria-roledescription=\"slide\">\n\t\t\t\t\t\t\t\t\t<div class=\"elementor-carousel-image\" role=\"img\" aria-label=\"7-Eibarko Udala\" style=\"background-image: url(&#039;https:\/\/pedroirustamendieta.com\/wp-content\/uploads\/2024\/12\/7-1.png&#039;)\">\n\n\t\t\t\n\t\t\t\t\t<\/div>\n\t\t\t\t\t\t\t\t<\/div>\n\t\t\t\t\t\t\t\t\t\t\t<div class=\"swiper-slide\" role=\"group\" aria-roledescription=\"slide\">\n\t\t\t\t\t\t\t\t\t<div class=\"elementor-carousel-image\" role=\"img\" aria-label=\"8-Seminario Internacional\" style=\"background-image: url(&#039;https:\/\/pedroirustamendieta.com\/wp-content\/uploads\/2024\/12\/8-1.png&#039;)\">\n\n\t\t\t\n\t\t\t\t\t<\/div>\n\t\t\t\t\t\t\t\t<\/div>\n\t\t\t\t\t\t\t\t\t\t\t<div class=\"swiper-slide\" role=\"group\" aria-roledescription=\"slide\">\n\t\t\t\t\t\t\t\t\t<div class=\"elementor-carousel-image\" role=\"img\" aria-label=\"9-Novagob\" style=\"background-image: url(&#039;https:\/\/pedroirustamendieta.com\/wp-content\/uploads\/2024\/12\/9-1.png&#039;)\">\n\n\t\t\t\n\t\t\t\t\t<\/div>\n\t\t\t\t\t\t\t\t<\/div>\n\t\t\t\t\t\t\t\t\t<\/div>\n\t\t\t\t\t\t\t\t\t\t\t\t\t\t\t<div class=\"elementor-swiper-button elementor-swiper-button-prev\" role=\"button\" tabindex=\"0\" aria-label=\"Anterior\">\n\t\t\t\t\t\t\t<i aria-hidden=\"true\" class=\"eicon-chevron-left\"><\/i>\t\t\t\t\t\t<\/div>\n\t\t\t\t\t\t<div class=\"elementor-swiper-button elementor-swiper-button-next\" role=\"button\" tabindex=\"0\" aria-label=\"Siguiente\">\n\t\t\t\t\t\t\t<i aria-hidden=\"true\" class=\"eicon-chevron-right\"><\/i>\t\t\t\t\t\t<\/div>\n\t\t\t\t\t\t\t\t\t\t\t\t\t\t\t\t<div class=\"swiper-pagination\"><\/div>\n\t\t\t\t\t\t\t\t\t\t\t\t<\/div>\n\t\t\t\t<\/div>\n\t\t\t\t\t\t\t\t<\/div>\n\t\t\t\t<\/div>\n\t\t\t\t\t<\/div>\n\t\t<\/div>\n\t\t\t\t\t<\/div>\n\t\t<\/section>\n\t\t\t\t<section class=\"elementor-section elementor-top-section elementor-element elementor-element-33dd6c4 elementor-section-boxed elementor-section-height-default elementor-section-height-default\" data-id=\"33dd6c4\" data-element_type=\"section\" data-e-type=\"section\" data-settings=\"{&quot;background_background&quot;:&quot;gradient&quot;}\">\n\t\t\t\t\t\t<div class=\"elementor-container elementor-column-gap-default\">\n\t\t\t\t\t<div class=\"elementor-column elementor-col-100 elementor-top-column elementor-element elementor-element-37824f3\" data-id=\"37824f3\" data-element_type=\"column\" data-e-type=\"column\">\n\t\t\t<div class=\"elementor-widget-wrap elementor-element-populated\">\n\t\t\t\t\t\t<div class=\"elementor-element elementor-element-79b5be7 elementor-widget elementor-widget-heading\" data-id=\"79b5be7\" data-element_type=\"widget\" data-e-type=\"widget\" data-widget_type=\"heading.default\">\n\t\t\t\t<div class=\"elementor-widget-container\">\n\t\t\t\t\t<h2 class=\"elementor-heading-title elementor-size-default\">Un poco m\u00e1s sobre m\u00ed<\/h2>\t\t\t\t<\/div>\n\t\t\t\t<\/div>\n\t\t\t\t<div class=\"elementor-element elementor-element-ff1bcb9 elementor-widget elementor-widget-text-editor\" data-id=\"ff1bcb9\" data-element_type=\"widget\" data-e-type=\"widget\" data-widget_type=\"text-editor.default\">\n\t\t\t\t<div class=\"elementor-widget-container\">\n\t\t\t\t\t\t\t\t\t<p style=\"text-align: left;\">Adem\u00e1s de mi pasi\u00f3n por la profesi\u00f3n que eleg\u00ed, disfruto desconectando en la playa y naturaleza, explorando la gastronom\u00eda, leyendo, escuchando m\u00fasica o simplemente disfrutando de un momento de tranquilidad lejos del \u00abruido tecnol\u00f3gico\u00bb.<\/p><p style=\"text-align: left;\">Creo en rodearme de <strong>personas que me inspiren a crecer<\/strong> y en ser la mejor versi\u00f3n de m\u00ed mismo, tanto profesional como personalmente.<\/p>\t\t\t\t\t\t\t\t<\/div>\n\t\t\t\t<\/div>\n\t\t\t\t\t<\/div>\n\t\t<\/div>\n\t\t\t\t\t<\/div>\n\t\t<\/section>\n\t\t\t\t<section class=\"elementor-section elementor-top-section elementor-element elementor-element-757b317 elementor-section-stretched elementor-section-boxed elementor-section-height-default elementor-section-height-default\" data-id=\"757b317\" data-element_type=\"section\" data-e-type=\"section\" data-settings=\"{&quot;background_background&quot;:&quot;classic&quot;,&quot;stretch_section&quot;:&quot;section-stretched&quot;}\">\n\t\t\t\t\t\t<div class=\"elementor-container elementor-column-gap-no\">\n\t\t\t\t\t<div class=\"elementor-column elementor-col-100 elementor-top-column elementor-element elementor-element-3cfed21\" data-id=\"3cfed21\" data-element_type=\"column\" data-e-type=\"column\" data-settings=\"{&quot;background_background&quot;:&quot;classic&quot;}\">\n\t\t\t<div class=\"elementor-widget-wrap elementor-element-populated\">\n\t\t\t\t\t\t<div class=\"elementor-element elementor-element-066ed89 elementor-widget elementor-widget-spacer\" data-id=\"066ed89\" data-element_type=\"widget\" data-e-type=\"widget\" data-widget_type=\"spacer.default\">\n\t\t\t\t<div class=\"elementor-widget-container\">\n\t\t\t\t\t\t\t<div class=\"elementor-spacer\">\n\t\t\t<div class=\"elementor-spacer-inner\"><\/div>\n\t\t<\/div>\n\t\t\t\t\t\t<\/div>\n\t\t\t\t<\/div>\n\t\t\t\t\t<\/div>\n\t\t<\/div>\n\t\t\t\t\t<\/div>\n\t\t<\/section>\n\t\t\t\t<section class=\"elementor-section elementor-top-section elementor-element elementor-element-3f61b2ee elementor-section-boxed elementor-section-height-default elementor-section-height-default\" data-id=\"3f61b2ee\" data-element_type=\"section\" data-e-type=\"section\" data-settings=\"{&quot;background_background&quot;:&quot;classic&quot;}\">\n\t\t\t\t\t\t<div class=\"elementor-container elementor-column-gap-default\">\n\t\t\t\t\t<div class=\"elementor-column elementor-col-50 elementor-top-column elementor-element elementor-element-6f36c252\" data-id=\"6f36c252\" data-element_type=\"column\" data-e-type=\"column\">\n\t\t\t<div class=\"elementor-widget-wrap elementor-element-populated\">\n\t\t\t\t\t\t<div class=\"elementor-element elementor-element-f339d84 elementor-widget elementor-widget-heading\" data-id=\"f339d84\" data-element_type=\"widget\" data-e-type=\"widget\" data-widget_type=\"heading.default\">\n\t\t\t\t<div class=\"elementor-widget-container\">\n\t\t\t\t\t<h2 class=\"elementor-heading-title elementor-size-default\">\u00bfConectamos?\n<\/h2>\t\t\t\t<\/div>\n\t\t\t\t<\/div>\n\t\t\t\t<div class=\"elementor-element elementor-element-0042068 elementor-widget elementor-widget-text-editor\" data-id=\"0042068\" data-element_type=\"widget\" data-e-type=\"widget\" data-widget_type=\"text-editor.default\">\n\t\t\t\t<div class=\"elementor-widget-container\">\n\t\t\t\t\t\t\t\t\t<p>Si te apasionan la comunicaci\u00f3n p\u00fablica o el marketing digital, o simplemente buscas ayuda e inspiraci\u00f3n para tus propios proyectos, estar\u00e9 encantado de conectar.<\/p><p>Puedes encontrarme en mis redes sociales o enviarme un email a: <strong>info@pedroirustamendieta.com<\/strong><\/p>\t\t\t\t\t\t\t\t<\/div>\n\t\t\t\t<\/div>\n\t\t\t\t\t<\/div>\n\t\t<\/div>\n\t\t\t\t<div class=\"elementor-column elementor-col-50 elementor-top-column elementor-element elementor-element-7337bfa\" data-id=\"7337bfa\" data-element_type=\"column\" data-e-type=\"column\">\n\t\t\t<div class=\"elementor-widget-wrap elementor-element-populated\">\n\t\t\t\t\t\t<div class=\"elementor-element elementor-element-381ab59 elementor-widget elementor-widget-image\" data-id=\"381ab59\" data-element_type=\"widget\" data-e-type=\"widget\" data-widget_type=\"image.default\">\n\t\t\t\t<div class=\"elementor-widget-container\">\n\t\t\t\t\t\t\t\t\t\t\t\t\t\t\t<img loading=\"lazy\" decoding=\"async\" width=\"376\" height=\"600\" src=\"https:\/\/pedroirustamendieta.com\/wp-content\/uploads\/2019\/01\/sobre-pedro.png\" class=\"attachment-large size-large wp-image-96\" alt=\"\" srcset=\"https:\/\/pedroirustamendieta.com\/wp-content\/uploads\/2019\/01\/sobre-pedro.png 376w, https:\/\/pedroirustamendieta.com\/wp-content\/uploads\/2019\/01\/sobre-pedro-188x300.png 188w\" sizes=\"(max-width: 376px) 100vw, 376px\" \/>\t\t\t\t\t\t\t\t\t\t\t\t\t\t\t<\/div>\n\t\t\t\t<\/div>\n\t\t\t\t\t<\/div>\n\t\t<\/div>\n\t\t\t\t\t<\/div>\n\t\t<\/section>\n\t\t\t\t<section class=\"elementor-section elementor-top-section elementor-element elementor-element-2c4724c8 elementor-section-stretched elementor-section-boxed elementor-section-height-default elementor-section-height-default\" data-id=\"2c4724c8\" data-element_type=\"section\" data-e-type=\"section\" data-settings=\"{&quot;background_background&quot;:&quot;classic&quot;,&quot;stretch_section&quot;:&quot;section-stretched&quot;}\">\n\t\t\t\t\t\t<div class=\"elementor-container elementor-column-gap-no\">\n\t\t\t\t\t<div class=\"elementor-column elementor-col-100 elementor-top-column elementor-element elementor-element-2f25cbae\" data-id=\"2f25cbae\" data-element_type=\"column\" data-e-type=\"column\">\n\t\t\t<div class=\"elementor-widget-wrap elementor-element-populated\">\n\t\t\t\t\t\t<div class=\"elementor-element elementor-element-6d4b669a elementor-widget elementor-widget-heading\" data-id=\"6d4b669a\" data-element_type=\"widget\" data-e-type=\"widget\" data-widget_type=\"heading.default\">\n\t\t\t\t<div class=\"elementor-widget-container\">\n\t\t\t\t\t<h2 class=\"elementor-heading-title elementor-size-default\">\u00a1Bienvenido a este espacio web y muchas gracias por seguirme!\n<\/h2>\t\t\t\t<\/div>\n\t\t\t\t<\/div>\n\t\t\t\t\t<\/div>\n\t\t<\/div>\n\t\t\t\t\t<\/div>\n\t\t<\/section>\n\t\t\t\t<section class=\"elementor-section elementor-top-section elementor-element elementor-element-385e1c4 elementor-section-boxed elementor-section-height-default elementor-section-height-default\" data-id=\"385e1c4\" data-element_type=\"section\" data-e-type=\"section\">\n\t\t\t\t\t\t<div class=\"elementor-container elementor-column-gap-default\">\n\t\t\t\t\t<div class=\"elementor-column elementor-col-100 elementor-top-column elementor-element elementor-element-d6dbd94\" data-id=\"d6dbd94\" data-element_type=\"column\" data-e-type=\"column\">\n\t\t\t<div class=\"elementor-widget-wrap elementor-element-populated\">\n\t\t\t\t\t\t<div class=\"elementor-element elementor-element-8e67121 elementor-shape-rounded elementor-grid-0 e-grid-align-center elementor-widget elementor-widget-social-icons\" data-id=\"8e67121\" data-element_type=\"widget\" data-e-type=\"widget\" data-widget_type=\"social-icons.default\">\n\t\t\t\t<div class=\"elementor-widget-container\">\n\t\t\t\t\t\t\t<div class=\"elementor-social-icons-wrapper elementor-grid\" role=\"list\">\n\t\t\t\t\t\t\t<span class=\"elementor-grid-item\" role=\"listitem\">\n\t\t\t\t\t<a class=\"elementor-icon elementor-social-icon elementor-social-icon-linkedin elementor-repeater-item-aa6db48\" href=\"https:\/\/www.linkedin.com\/in\/pedro-irusta-mendieta-92a62251\" target=\"_blank\">\n\t\t\t\t\t\t<span class=\"elementor-screen-only\">Linkedin<\/span>\n\t\t\t\t\t\t<i aria-hidden=\"true\" class=\"fab fa-linkedin\"><\/i>\t\t\t\t\t<\/a>\n\t\t\t\t<\/span>\n\t\t\t\t\t\t\t<span class=\"elementor-grid-item\" role=\"listitem\">\n\t\t\t\t\t<a class=\"elementor-icon elementor-social-icon elementor-social-icon-facebook elementor-repeater-item-f418512\" href=\"https:\/\/www.facebook.com\/people\/Pedro-Irusta-Mendieta\/61573155927554\/\" target=\"_blank\">\n\t\t\t\t\t\t<span class=\"elementor-screen-only\">Facebook<\/span>\n\t\t\t\t\t\t<i aria-hidden=\"true\" class=\"fab fa-facebook\"><\/i>\t\t\t\t\t<\/a>\n\t\t\t\t<\/span>\n\t\t\t\t\t\t\t<span class=\"elementor-grid-item\" role=\"listitem\">\n\t\t\t\t\t<a class=\"elementor-icon elementor-social-icon elementor-social-icon-instagram elementor-repeater-item-2351ec5\" href=\"https:\/\/www.instagram.com\/pedro__irusta\/?hl=es\" target=\"_blank\">\n\t\t\t\t\t\t<span class=\"elementor-screen-only\">Instagram<\/span>\n\t\t\t\t\t\t<i aria-hidden=\"true\" class=\"fab fa-instagram\"><\/i>\t\t\t\t\t<\/a>\n\t\t\t\t<\/span>\n\t\t\t\t\t\t\t<span class=\"elementor-grid-item\" role=\"listitem\">\n\t\t\t\t\t<a class=\"elementor-icon elementor-social-icon elementor-social-icon-x-twitter elementor-repeater-item-b05f9f4\" href=\"https:\/\/x.com\/Pedro__Irusta\" target=\"_blank\">\n\t\t\t\t\t\t<span class=\"elementor-screen-only\">X-twitter<\/span>\n\t\t\t\t\t\t<i aria-hidden=\"true\" class=\"fab fa-x-twitter\"><\/i>\t\t\t\t\t<\/a>\n\t\t\t\t<\/span>\n\t\t\t\t\t\t\t<span class=\"elementor-grid-item\" role=\"listitem\">\n\t\t\t\t\t<a class=\"elementor-icon elementor-social-icon elementor-social-icon-tiktok elementor-repeater-item-cdb351c\" href=\"https:\/\/www.tiktok.com\/@pedro_irusta\" target=\"_blank\">\n\t\t\t\t\t\t<span class=\"elementor-screen-only\">Tiktok<\/span>\n\t\t\t\t\t\t<i aria-hidden=\"true\" class=\"fab fa-tiktok\"><\/i>\t\t\t\t\t<\/a>\n\t\t\t\t<\/span>\n\t\t\t\t\t<\/div>\n\t\t\t\t\t\t<\/div>\n\t\t\t\t<\/div>\n\t\t\t\t\t<\/div>\n\t\t<\/div>\n\t\t\t\t\t<\/div>\n\t\t<\/section>\n\t\t\t\t<\/div>\n\t\t","protected":false},"excerpt":{"rendered":"<p>Hola, soy Pedro Irusta: periodista y funcionario en la Administraci\u00f3n Local, dedicado a la comunicaci\u00f3n institucional y la transparencia Me considero un aprendiz constante y tengo una gran inquietud por la comunicaci\u00f3n corporativa e institucional, as\u00ed como por el papel que juegan las redes sociales en el \u00e1mbito p\u00fablico. \u00a1CONTACTA CONMIGO! Mi misi\u00f3n: conectar, informar &#8230; <a title=\"Sobre m\u00ed\" class=\"read-more\" href=\"https:\/\/pedroirustamendieta.com\/es\/sobre-mi\/\" aria-label=\"M\u00e1s en Sobre m\u00ed\">Leer m\u00e1s<\/a><\/p>\n","protected":false},"author":1,"featured_media":0,"parent":0,"menu_order":0,"comment_status":"closed","ping_status":"closed","template":"","meta":{"episode_type":"","audio_file":"","podmotor_file_id":"","podmotor_episode_id":"","cover_image":"","cover_image_id":"","duration":"","filesize":"","filesize_raw":"","date_recorded":"","explicit":"","block":"","footnotes":""},"class_list":["post-16","page","type-page","status-publish"],"yoast_head":"<!-- This site is optimized with the Yoast SEO plugin v27.3 - https:\/\/yoast.com\/product\/yoast-seo-wordpress\/ -->\n<title>Sobre m\u00ed<\/title>\n<meta name=\"description\" content=\"Desde 2014, ejerzo mi profesi\u00f3n en una Administraci\u00f3n Local en el \u00e1rea de la comunicaci\u00f3n y la transparencia.\" \/>\n<meta name=\"robots\" content=\"index, follow, max-snippet:-1, max-image-preview:large, max-video-preview:-1\" \/>\n<link rel=\"canonical\" href=\"https:\/\/pedroirustamendieta.com\/es\/sobre-mi\/\" \/>\n<meta property=\"og:locale\" content=\"es_ES\" \/>\n<meta property=\"og:type\" content=\"article\" \/>\n<meta property=\"og:title\" content=\"Sobre m\u00ed\" \/>\n<meta property=\"og:description\" content=\"Desde 2014, ejerzo mi profesi\u00f3n en una Administraci\u00f3n Local en el \u00e1rea de la comunicaci\u00f3n y la transparencia.\" \/>\n<meta property=\"og:url\" content=\"https:\/\/pedroirustamendieta.com\/es\/sobre-mi\/\" \/>\n<meta property=\"og:site_name\" content=\"Pedro Irusta Mendieta: Comunicaci\u00f3n p\u00fablica\" \/>\n<meta property=\"article:modified_time\" content=\"2026-04-02T13:33:33+00:00\" \/>\n<meta property=\"og:image\" content=\"https:\/\/pedroirustamendieta.com\/wp-content\/uploads\/2024\/12\/3A9Q8638-scaled.jpg\" \/>\n\t<meta property=\"og:image:width\" content=\"1685\" \/>\n\t<meta property=\"og:image:height\" content=\"2560\" \/>\n\t<meta property=\"og:image:type\" content=\"image\/jpeg\" \/>\n<meta name=\"twitter:card\" content=\"summary_large_image\" \/>\n<meta name=\"twitter:site\" content=\"@Pedro__Irusta\" \/>\n<meta name=\"twitter:label1\" content=\"Tiempo de lectura\" \/>\n\t<meta name=\"twitter:data1\" content=\"4 minutos\" \/>\n<script type=\"application\/ld+json\" class=\"yoast-schema-graph\">{\"@context\":\"https:\\\/\\\/schema.org\",\"@graph\":[{\"@type\":\"WebPage\",\"@id\":\"https:\\\/\\\/pedroirustamendieta.com\\\/es\\\/sobre-mi\\\/\",\"url\":\"https:\\\/\\\/pedroirustamendieta.com\\\/es\\\/sobre-mi\\\/\",\"name\":\"Sobre m\u00ed\",\"isPartOf\":{\"@id\":\"https:\\\/\\\/pedroirustamendieta.com\\\/es\\\/#website\"},\"primaryImageOfPage\":{\"@id\":\"https:\\\/\\\/pedroirustamendieta.com\\\/es\\\/sobre-mi\\\/#primaryimage\"},\"image\":{\"@id\":\"https:\\\/\\\/pedroirustamendieta.com\\\/es\\\/sobre-mi\\\/#primaryimage\"},\"thumbnailUrl\":\"https:\\\/\\\/pedroirustamendieta.com\\\/wp-content\\\/uploads\\\/2024\\\/12\\\/3A9Q8638-674x1024.jpg\",\"datePublished\":\"2019-01-29T08:27:17+00:00\",\"dateModified\":\"2026-04-02T13:33:33+00:00\",\"description\":\"Desde 2014, ejerzo mi profesi\u00f3n en una Administraci\u00f3n Local en el \u00e1rea de la comunicaci\u00f3n y la transparencia.\",\"breadcrumb\":{\"@id\":\"https:\\\/\\\/pedroirustamendieta.com\\\/es\\\/sobre-mi\\\/#breadcrumb\"},\"inLanguage\":\"es\",\"potentialAction\":[{\"@type\":\"ReadAction\",\"target\":[\"https:\\\/\\\/pedroirustamendieta.com\\\/es\\\/sobre-mi\\\/\"]}]},{\"@type\":\"ImageObject\",\"inLanguage\":\"es\",\"@id\":\"https:\\\/\\\/pedroirustamendieta.com\\\/es\\\/sobre-mi\\\/#primaryimage\",\"url\":\"https:\\\/\\\/pedroirustamendieta.com\\\/wp-content\\\/uploads\\\/2024\\\/12\\\/3A9Q8638-674x1024.jpg\",\"contentUrl\":\"https:\\\/\\\/pedroirustamendieta.com\\\/wp-content\\\/uploads\\\/2024\\\/12\\\/3A9Q8638-674x1024.jpg\"},{\"@type\":\"BreadcrumbList\",\"@id\":\"https:\\\/\\\/pedroirustamendieta.com\\\/es\\\/sobre-mi\\\/#breadcrumb\",\"itemListElement\":[{\"@type\":\"ListItem\",\"position\":1,\"name\":\"Portada\",\"item\":\"https:\\\/\\\/pedroirustamendieta.com\\\/es\\\/\"},{\"@type\":\"ListItem\",\"position\":2,\"name\":\"Sobre m\u00ed\"}]},{\"@type\":\"WebSite\",\"@id\":\"https:\\\/\\\/pedroirustamendieta.com\\\/es\\\/#website\",\"url\":\"https:\\\/\\\/pedroirustamendieta.com\\\/es\\\/\",\"name\":\"Pedro Irusta Mendieta: Comunicaci\u00f3n y Transparencia en las administraciones p\u00fablicas\",\"description\":\"Blog de Comunicaci\u00f3n y administraciones p\u00fablicas\",\"publisher\":{\"@id\":\"https:\\\/\\\/pedroirustamendieta.com\\\/es\\\/#\\\/schema\\\/person\\\/b5123b985a77b0db9e354a1134eb3087\"},\"potentialAction\":[{\"@type\":\"SearchAction\",\"target\":{\"@type\":\"EntryPoint\",\"urlTemplate\":\"https:\\\/\\\/pedroirustamendieta.com\\\/es\\\/?s={search_term_string}\"},\"query-input\":{\"@type\":\"PropertyValueSpecification\",\"valueRequired\":true,\"valueName\":\"search_term_string\"}}],\"inLanguage\":\"es\"},{\"@type\":[\"Person\",\"Organization\"],\"@id\":\"https:\\\/\\\/pedroirustamendieta.com\\\/es\\\/#\\\/schema\\\/person\\\/b5123b985a77b0db9e354a1134eb3087\",\"name\":\"Pedro Irusta Mendieta\",\"image\":{\"@type\":\"ImageObject\",\"inLanguage\":\"es\",\"@id\":\"https:\\\/\\\/pedroirustamendieta.com\\\/wp-content\\\/uploads\\\/2019\\\/02\\\/pedro-irusta-mendieta.png\",\"url\":\"https:\\\/\\\/pedroirustamendieta.com\\\/wp-content\\\/uploads\\\/2019\\\/02\\\/pedro-irusta-mendieta.png\",\"contentUrl\":\"https:\\\/\\\/pedroirustamendieta.com\\\/wp-content\\\/uploads\\\/2019\\\/02\\\/pedro-irusta-mendieta.png\",\"width\":375,\"height\":53,\"caption\":\"Pedro Irusta Mendieta\"},\"logo\":{\"@id\":\"https:\\\/\\\/pedroirustamendieta.com\\\/wp-content\\\/uploads\\\/2019\\\/02\\\/pedro-irusta-mendieta.png\"},\"description\":\"Periodista y funcionario local, especializado en comunicaci\u00f3n institucional.\",\"sameAs\":[\"https:\\\/\\\/pedroirustamendieta.com\\\/\",\"https:\\\/\\\/www.instagram.com\\\/pedroirustamendieta\",\"https:\\\/\\\/x.com\\\/Pedro__Irusta\"]}]}<\/script>\n<!-- \/ Yoast SEO plugin. -->","yoast_head_json":{"title":"Sobre m\u00ed","description":"Desde 2014, ejerzo mi profesi\u00f3n en una Administraci\u00f3n Local en el \u00e1rea de la comunicaci\u00f3n y la transparencia.","robots":{"index":"index","follow":"follow","max-snippet":"max-snippet:-1","max-image-preview":"max-image-preview:large","max-video-preview":"max-video-preview:-1"},"canonical":"https:\/\/pedroirustamendieta.com\/es\/sobre-mi\/","og_locale":"es_ES","og_type":"article","og_title":"Sobre m\u00ed","og_description":"Desde 2014, ejerzo mi profesi\u00f3n en una Administraci\u00f3n Local en el \u00e1rea de la comunicaci\u00f3n y la transparencia.","og_url":"https:\/\/pedroirustamendieta.com\/es\/sobre-mi\/","og_site_name":"Pedro Irusta Mendieta: Comunicaci\u00f3n p\u00fablica","article_modified_time":"2026-04-02T13:33:33+00:00","og_image":[{"width":1685,"height":2560,"url":"https:\/\/pedroirustamendieta.com\/wp-content\/uploads\/2024\/12\/3A9Q8638-scaled.jpg","type":"image\/jpeg"}],"twitter_card":"summary_large_image","twitter_site":"@Pedro__Irusta","twitter_misc":{"Tiempo de lectura":"4 minutos"},"schema":{"@context":"https:\/\/schema.org","@graph":[{"@type":"WebPage","@id":"https:\/\/pedroirustamendieta.com\/es\/sobre-mi\/","url":"https:\/\/pedroirustamendieta.com\/es\/sobre-mi\/","name":"Sobre m\u00ed","isPartOf":{"@id":"https:\/\/pedroirustamendieta.com\/es\/#website"},"primaryImageOfPage":{"@id":"https:\/\/pedroirustamendieta.com\/es\/sobre-mi\/#primaryimage"},"image":{"@id":"https:\/\/pedroirustamendieta.com\/es\/sobre-mi\/#primaryimage"},"thumbnailUrl":"https:\/\/pedroirustamendieta.com\/wp-content\/uploads\/2024\/12\/3A9Q8638-674x1024.jpg","datePublished":"2019-01-29T08:27:17+00:00","dateModified":"2026-04-02T13:33:33+00:00","description":"Desde 2014, ejerzo mi profesi\u00f3n en una Administraci\u00f3n Local en el \u00e1rea de la comunicaci\u00f3n y la transparencia.","breadcrumb":{"@id":"https:\/\/pedroirustamendieta.com\/es\/sobre-mi\/#breadcrumb"},"inLanguage":"es","potentialAction":[{"@type":"ReadAction","target":["https:\/\/pedroirustamendieta.com\/es\/sobre-mi\/"]}]},{"@type":"ImageObject","inLanguage":"es","@id":"https:\/\/pedroirustamendieta.com\/es\/sobre-mi\/#primaryimage","url":"https:\/\/pedroirustamendieta.com\/wp-content\/uploads\/2024\/12\/3A9Q8638-674x1024.jpg","contentUrl":"https:\/\/pedroirustamendieta.com\/wp-content\/uploads\/2024\/12\/3A9Q8638-674x1024.jpg"},{"@type":"BreadcrumbList","@id":"https:\/\/pedroirustamendieta.com\/es\/sobre-mi\/#breadcrumb","itemListElement":[{"@type":"ListItem","position":1,"name":"Portada","item":"https:\/\/pedroirustamendieta.com\/es\/"},{"@type":"ListItem","position":2,"name":"Sobre m\u00ed"}]},{"@type":"WebSite","@id":"https:\/\/pedroirustamendieta.com\/es\/#website","url":"https:\/\/pedroirustamendieta.com\/es\/","name":"Pedro Irusta Mendieta: Comunicaci\u00f3n y Transparencia en las administraciones p\u00fablicas","description":"Blog de Comunicaci\u00f3n y administraciones p\u00fablicas","publisher":{"@id":"https:\/\/pedroirustamendieta.com\/es\/#\/schema\/person\/b5123b985a77b0db9e354a1134eb3087"},"potentialAction":[{"@type":"SearchAction","target":{"@type":"EntryPoint","urlTemplate":"https:\/\/pedroirustamendieta.com\/es\/?s={search_term_string}"},"query-input":{"@type":"PropertyValueSpecification","valueRequired":true,"valueName":"search_term_string"}}],"inLanguage":"es"},{"@type":["Person","Organization"],"@id":"https:\/\/pedroirustamendieta.com\/es\/#\/schema\/person\/b5123b985a77b0db9e354a1134eb3087","name":"Pedro Irusta Mendieta","image":{"@type":"ImageObject","inLanguage":"es","@id":"https:\/\/pedroirustamendieta.com\/wp-content\/uploads\/2019\/02\/pedro-irusta-mendieta.png","url":"https:\/\/pedroirustamendieta.com\/wp-content\/uploads\/2019\/02\/pedro-irusta-mendieta.png","contentUrl":"https:\/\/pedroirustamendieta.com\/wp-content\/uploads\/2019\/02\/pedro-irusta-mendieta.png","width":375,"height":53,"caption":"Pedro Irusta Mendieta"},"logo":{"@id":"https:\/\/pedroirustamendieta.com\/wp-content\/uploads\/2019\/02\/pedro-irusta-mendieta.png"},"description":"Periodista y funcionario local, especializado en comunicaci\u00f3n institucional.","sameAs":["https:\/\/pedroirustamendieta.com\/","https:\/\/www.instagram.com\/pedroirustamendieta","https:\/\/x.com\/Pedro__Irusta"]}]}},"_links":{"self":[{"href":"https:\/\/pedroirustamendieta.com\/es\/wp-json\/wp\/v2\/pages\/16","targetHints":{"allow":["GET"]}}],"collection":[{"href":"https:\/\/pedroirustamendieta.com\/es\/wp-json\/wp\/v2\/pages"}],"about":[{"href":"https:\/\/pedroirustamendieta.com\/es\/wp-json\/wp\/v2\/types\/page"}],"author":[{"embeddable":true,"href":"https:\/\/pedroirustamendieta.com\/es\/wp-json\/wp\/v2\/users\/1"}],"replies":[{"embeddable":true,"href":"https:\/\/pedroirustamendieta.com\/es\/wp-json\/wp\/v2\/comments?post=16"}],"version-history":[{"count":144,"href":"https:\/\/pedroirustamendieta.com\/es\/wp-json\/wp\/v2\/pages\/16\/revisions"}],"predecessor-version":[{"id":3210,"href":"https:\/\/pedroirustamendieta.com\/es\/wp-json\/wp\/v2\/pages\/16\/revisions\/3210"}],"wp:attachment":[{"href":"https:\/\/pedroirustamendieta.com\/es\/wp-json\/wp\/v2\/media?parent=16"}],"curies":[{"name":"wp","href":"https:\/\/api.w.org\/{rel}","templated":true}]}}